{"id":104,"date":"2023-05-25T12:02:21","date_gmt":"2023-05-25T10:02:21","guid":{"rendered":"https:\/\/ferme-du-grommendyck.fr\/?page_id=104"},"modified":"2025-07-18T16:01:31","modified_gmt":"2025-07-18T14:01:31","slug":"charcuterie","status":"publish","type":"page","link":"https:\/\/ferme-du-grommendyck.fr\/index.php\/charcuterie\/","title":{"rendered":"Charcuterie"},"content":{"rendered":"\n<p>La charcuterie s&#8217;invite \u00e0 de nombreuses occasions. <strong>Jambon, p\u00e2t\u00e9, rillettes, saucissons et autres produits charcutiers permettent de varier les ap\u00e9ritifs, les sandwichs, les raclettes ou encore les buffets traditionnels.<\/strong> Et oui, vous l&#8217;aurez compris : que ce soit sur le pouce ou festif, la charcuterie va \u00e9gayer vos divers repas. D\u00e9couvrez tous nos produits charcutiers fermiers : <\/p>\n\n\n\n<div class=\"wp-block-columns is-layout-flex wp-container-core-columns-is-layout-28f84493 wp-block-columns-is-layout-flex\">\n<div class=\"wp-block-column is-layout-flow wp-block-column-is-layout-flow\">\n<p class=\"has-large-font-size\"><sub><sup><strong>Jambon<\/strong><\/sup><\/sub><\/p>\n\n\n\n<figure class=\"wp-block-image size-full\"><img loading=\"lazy\" decoding=\"async\" width=\"2560\" height=\"1696\" src=\"http:\/\/ferme-du-grommendyck.fr\/wp-content\/uploads\/2025\/07\/JAMBON-FUME-scaled.jpg\" alt=\"\" class=\"wp-image-562\" srcset=\"https:\/\/ferme-du-grommendyck.fr\/wp-content\/uploads\/2025\/07\/JAMBON-FUME-scaled.jpg 2560w, https:\/\/ferme-du-grommendyck.fr\/wp-content\/uploads\/2025\/07\/JAMBON-FUME-300x199.jpg 300w, https:\/\/ferme-du-grommendyck.fr\/wp-content\/uploads\/2025\/07\/JAMBON-FUME-1024x678.jpg 1024w, https:\/\/ferme-du-grommendyck.fr\/wp-content\/uploads\/2025\/07\/JAMBON-FUME-768x509.jpg 768w, https:\/\/ferme-du-grommendyck.fr\/wp-content\/uploads\/2025\/07\/JAMBON-FUME-1536x1017.jpg 1536w, https:\/\/ferme-du-grommendyck.fr\/wp-content\/uploads\/2025\/07\/JAMBON-FUME-2048x1356.jpg 2048w, https:\/\/ferme-du-grommendyck.fr\/wp-content\/uploads\/2025\/07\/JAMBON-FUME-360x240.jpg 360w\" sizes=\"auto, (max-width: 2560px) 100vw, 2560px\" \/><\/figure>\n<\/div>\n\n\n\n<div class=\"wp-block-column is-layout-flow wp-block-column-is-layout-flow\">\n<p class=\"has-large-font-size\"><sub><sup><strong>Rosette<\/strong><\/sup><\/sub><\/p>\n\n\n\n<figure class=\"wp-block-image size-full\" id=\"block-3ea178c0-f76d-4832-a537-2c93d17e2863\"><img loading=\"lazy\" decoding=\"async\" width=\"2560\" height=\"1696\" src=\"http:\/\/ferme-du-grommendyck.fr\/wp-content\/uploads\/2025\/07\/ROSETTE-scaled.jpg\" alt=\"\" class=\"wp-image-576\" srcset=\"https:\/\/ferme-du-grommendyck.fr\/wp-content\/uploads\/2025\/07\/ROSETTE-scaled.jpg 2560w, https:\/\/ferme-du-grommendyck.fr\/wp-content\/uploads\/2025\/07\/ROSETTE-300x199.jpg 300w, https:\/\/ferme-du-grommendyck.fr\/wp-content\/uploads\/2025\/07\/ROSETTE-1024x678.jpg 1024w, https:\/\/ferme-du-grommendyck.fr\/wp-content\/uploads\/2025\/07\/ROSETTE-768x509.jpg 768w, https:\/\/ferme-du-grommendyck.fr\/wp-content\/uploads\/2025\/07\/ROSETTE-1536x1017.jpg 1536w, https:\/\/ferme-du-grommendyck.fr\/wp-content\/uploads\/2025\/07\/ROSETTE-2048x1356.jpg 2048w, https:\/\/ferme-du-grommendyck.fr\/wp-content\/uploads\/2025\/07\/ROSETTE-360x240.jpg 360w\" sizes=\"auto, (max-width: 2560px) 100vw, 2560px\" \/><\/figure>\n<\/div>\n\n\n\n<div class=\"wp-block-column is-layout-flow wp-block-column-is-layout-flow\">\n<p class=\"has-large-font-size\"><sub><sup><strong>Lonzo<\/strong><\/sup><\/sub><\/p>\n\n\n\n<figure class=\"wp-block-image size-full\" id=\"block-3ea178c0-f76d-4832-a537-2c93d17e2863\"><img loading=\"lazy\" decoding=\"async\" width=\"2560\" height=\"1696\" src=\"http:\/\/ferme-du-grommendyck.fr\/wp-content\/uploads\/2025\/07\/LONZO-1-scaled.jpg\" alt=\"\" class=\"wp-image-575\" srcset=\"https:\/\/ferme-du-grommendyck.fr\/wp-content\/uploads\/2025\/07\/LONZO-1-scaled.jpg 2560w, https:\/\/ferme-du-grommendyck.fr\/wp-content\/uploads\/2025\/07\/LONZO-1-300x199.jpg 300w, https:\/\/ferme-du-grommendyck.fr\/wp-content\/uploads\/2025\/07\/LONZO-1-1024x678.jpg 1024w, https:\/\/ferme-du-grommendyck.fr\/wp-content\/uploads\/2025\/07\/LONZO-1-768x509.jpg 768w, https:\/\/ferme-du-grommendyck.fr\/wp-content\/uploads\/2025\/07\/LONZO-1-1536x1017.jpg 1536w, https:\/\/ferme-du-grommendyck.fr\/wp-content\/uploads\/2025\/07\/LONZO-1-2048x1356.jpg 2048w, https:\/\/ferme-du-grommendyck.fr\/wp-content\/uploads\/2025\/07\/LONZO-1-360x240.jpg 360w\" sizes=\"auto, (max-width: 2560px) 100vw, 2560px\" \/><\/figure>\n<\/div>\n<\/div>\n\n\n\n<div class=\"wp-block-columns is-layout-flex wp-container-core-columns-is-layout-28f84493 wp-block-columns-is-layout-flex\">\n<div class=\"wp-block-column is-layout-flow wp-block-column-is-layout-flow\">\n<p class=\"has-large-font-size\"><sub><sup><strong>Rillettes de porc<\/strong><\/sup><\/sub><\/p>\n\n\n\n<figure class=\"wp-block-image size-full\"><img loading=\"lazy\" decoding=\"async\" width=\"2560\" height=\"1696\" src=\"https:\/\/ferme-du-grommendyck.fr\/wp-content\/uploads\/2025\/07\/RILLETTE-edited-scaled.jpg\" alt=\"\" class=\"wp-image-570\" srcset=\"https:\/\/ferme-du-grommendyck.fr\/wp-content\/uploads\/2025\/07\/RILLETTE-edited-scaled.jpg 2560w, https:\/\/ferme-du-grommendyck.fr\/wp-content\/uploads\/2025\/07\/RILLETTE-edited-300x199.jpg 300w, https:\/\/ferme-du-grommendyck.fr\/wp-content\/uploads\/2025\/07\/RILLETTE-edited-1024x678.jpg 1024w, https:\/\/ferme-du-grommendyck.fr\/wp-content\/uploads\/2025\/07\/RILLETTE-edited-768x509.jpg 768w, https:\/\/ferme-du-grommendyck.fr\/wp-content\/uploads\/2025\/07\/RILLETTE-edited-1536x1017.jpg 1536w, https:\/\/ferme-du-grommendyck.fr\/wp-content\/uploads\/2025\/07\/RILLETTE-edited-2048x1357.jpg 2048w, https:\/\/ferme-du-grommendyck.fr\/wp-content\/uploads\/2025\/07\/RILLETTE-edited-360x240.jpg 360w\" sizes=\"auto, (max-width: 2560px) 100vw, 2560px\" \/><\/figure>\n<\/div>\n\n\n\n<div class=\"wp-block-column is-layout-flow wp-block-column-is-layout-flow\">\n<p class=\"has-large-font-size\"><sub><sup><strong>P\u00e2t\u00e9 de campagne<\/strong><\/sup><\/sub><\/p>\n\n\n\n<figure class=\"wp-block-image size-full\" id=\"block-3ea178c0-f76d-4832-a537-2c93d17e2863\"><img loading=\"lazy\" decoding=\"async\" width=\"2560\" height=\"1696\" src=\"http:\/\/ferme-du-grommendyck.fr\/wp-content\/uploads\/2025\/07\/PATE-DE-CAMPAGNE-1-edited-scaled.jpg\" alt=\"\" class=\"wp-image-569\" srcset=\"https:\/\/ferme-du-grommendyck.fr\/wp-content\/uploads\/2025\/07\/PATE-DE-CAMPAGNE-1-edited-scaled.jpg 2560w, https:\/\/ferme-du-grommendyck.fr\/wp-content\/uploads\/2025\/07\/PATE-DE-CAMPAGNE-1-edited-300x199.jpg 300w, https:\/\/ferme-du-grommendyck.fr\/wp-content\/uploads\/2025\/07\/PATE-DE-CAMPAGNE-1-edited-1024x678.jpg 1024w, https:\/\/ferme-du-grommendyck.fr\/wp-content\/uploads\/2025\/07\/PATE-DE-CAMPAGNE-1-edited-768x509.jpg 768w, https:\/\/ferme-du-grommendyck.fr\/wp-content\/uploads\/2025\/07\/PATE-DE-CAMPAGNE-1-edited-1536x1017.jpg 1536w, https:\/\/ferme-du-grommendyck.fr\/wp-content\/uploads\/2025\/07\/PATE-DE-CAMPAGNE-1-edited-2048x1357.jpg 2048w, https:\/\/ferme-du-grommendyck.fr\/wp-content\/uploads\/2025\/07\/PATE-DE-CAMPAGNE-1-edited-360x240.jpg 360w\" sizes=\"auto, (max-width: 2560px) 100vw, 2560px\" \/><\/figure>\n<\/div>\n\n\n\n<div class=\"wp-block-column is-layout-flow wp-block-column-is-layout-flow\">\n<p class=\"has-large-font-size\"><sub><sup><strong>P\u00e2t\u00e9 de t\u00eate<\/strong><\/sup><\/sub><\/p>\n\n\n\n<figure class=\"wp-block-image size-full\" id=\"block-3ea178c0-f76d-4832-a537-2c93d17e2863\"><img decoding=\"async\" src=\"http:\/\/ferme-du-grommendyck.fr\/wp-content\/uploads\/2025\/07\/PATE-DE-TETE.jpg\" alt=\"\" class=\"wp-image-565\"\/><\/figure>\n<\/div>\n<\/div>\n\n\n\n<div class=\"wp-block-columns is-layout-flex wp-container-core-columns-is-layout-28f84493 wp-block-columns-is-layout-flex\">\n<div class=\"wp-block-column is-layout-flow wp-block-column-is-layout-flow\">\n<p class=\"has-large-font-size\"><sub><sup><strong>Coppa<\/strong><\/sup><\/sub><\/p>\n\n\n\n<figure class=\"wp-block-image size-full\"><img loading=\"lazy\" decoding=\"async\" width=\"2560\" height=\"1696\" src=\"http:\/\/ferme-du-grommendyck.fr\/wp-content\/uploads\/2025\/07\/COPPA-scaled.jpg\" alt=\"\" class=\"wp-image-574\" srcset=\"https:\/\/ferme-du-grommendyck.fr\/wp-content\/uploads\/2025\/07\/COPPA-scaled.jpg 2560w, https:\/\/ferme-du-grommendyck.fr\/wp-content\/uploads\/2025\/07\/COPPA-300x199.jpg 300w, https:\/\/ferme-du-grommendyck.fr\/wp-content\/uploads\/2025\/07\/COPPA-1024x678.jpg 1024w, https:\/\/ferme-du-grommendyck.fr\/wp-content\/uploads\/2025\/07\/COPPA-768x509.jpg 768w, https:\/\/ferme-du-grommendyck.fr\/wp-content\/uploads\/2025\/07\/COPPA-1536x1017.jpg 1536w, https:\/\/ferme-du-grommendyck.fr\/wp-content\/uploads\/2025\/07\/COPPA-2048x1356.jpg 2048w, https:\/\/ferme-du-grommendyck.fr\/wp-content\/uploads\/2025\/07\/COPPA-360x240.jpg 360w\" sizes=\"auto, (max-width: 2560px) 100vw, 2560px\" \/><\/figure>\n<\/div>\n\n\n\n<div class=\"wp-block-column is-layout-flow wp-block-column-is-layout-flow\">\n<p class=\"has-large-font-size\"><sub><sup><strong>Saucisson sec<\/strong><\/sup><\/sub><\/p>\n\n\n\n<figure class=\"wp-block-image size-full\" id=\"block-3ea178c0-f76d-4832-a537-2c93d17e2863\"><img loading=\"lazy\" decoding=\"async\" width=\"2560\" height=\"1696\" src=\"http:\/\/ferme-du-grommendyck.fr\/wp-content\/uploads\/2025\/07\/SAUCISSON-SEC-scaled.jpg\" alt=\"\" class=\"wp-image-571\" srcset=\"https:\/\/ferme-du-grommendyck.fr\/wp-content\/uploads\/2025\/07\/SAUCISSON-SEC-scaled.jpg 2560w, https:\/\/ferme-du-grommendyck.fr\/wp-content\/uploads\/2025\/07\/SAUCISSON-SEC-300x199.jpg 300w, https:\/\/ferme-du-grommendyck.fr\/wp-content\/uploads\/2025\/07\/SAUCISSON-SEC-1024x678.jpg 1024w, https:\/\/ferme-du-grommendyck.fr\/wp-content\/uploads\/2025\/07\/SAUCISSON-SEC-768x509.jpg 768w, https:\/\/ferme-du-grommendyck.fr\/wp-content\/uploads\/2025\/07\/SAUCISSON-SEC-1536x1017.jpg 1536w, https:\/\/ferme-du-grommendyck.fr\/wp-content\/uploads\/2025\/07\/SAUCISSON-SEC-2048x1356.jpg 2048w, https:\/\/ferme-du-grommendyck.fr\/wp-content\/uploads\/2025\/07\/SAUCISSON-SEC-360x240.jpg 360w\" sizes=\"auto, (max-width: 2560px) 100vw, 2560px\" \/><\/figure>\n<\/div>\n\n\n\n<div class=\"wp-block-column is-layout-flow wp-block-column-is-layout-flow\">\n<p class=\"has-large-font-size\"><sub><sup><strong>Saucisson \u00e0 l&#8217;ail<\/strong><\/sup><\/sub><\/p>\n\n\n\n<figure class=\"wp-block-image size-full\" id=\"block-3ea178c0-f76d-4832-a537-2c93d17e2863\"><img loading=\"lazy\" decoding=\"async\" width=\"2560\" height=\"1696\" src=\"https:\/\/ferme-du-grommendyck.fr\/wp-content\/uploads\/2025\/07\/SAUCISSON-A-LAIL-edited-scaled.jpg\" alt=\"\" class=\"wp-image-572\" srcset=\"https:\/\/ferme-du-grommendyck.fr\/wp-content\/uploads\/2025\/07\/SAUCISSON-A-LAIL-edited-scaled.jpg 2560w, https:\/\/ferme-du-grommendyck.fr\/wp-content\/uploads\/2025\/07\/SAUCISSON-A-LAIL-edited-300x199.jpg 300w, https:\/\/ferme-du-grommendyck.fr\/wp-content\/uploads\/2025\/07\/SAUCISSON-A-LAIL-edited-1024x678.jpg 1024w, https:\/\/ferme-du-grommendyck.fr\/wp-content\/uploads\/2025\/07\/SAUCISSON-A-LAIL-edited-768x509.jpg 768w, https:\/\/ferme-du-grommendyck.fr\/wp-content\/uploads\/2025\/07\/SAUCISSON-A-LAIL-edited-1536x1017.jpg 1536w, https:\/\/ferme-du-grommendyck.fr\/wp-content\/uploads\/2025\/07\/SAUCISSON-A-LAIL-edited-2048x1357.jpg 2048w, https:\/\/ferme-du-grommendyck.fr\/wp-content\/uploads\/2025\/07\/SAUCISSON-A-LAIL-edited-360x240.jpg 360w\" sizes=\"auto, (max-width: 2560px) 100vw, 2560px\" \/><\/figure>\n<\/div>\n<\/div>\n\n\n\n<div class=\"wp-block-columns is-layout-flex wp-container-core-columns-is-layout-28f84493 wp-block-columns-is-layout-flex\">\n<div class=\"wp-block-column is-layout-flow wp-block-column-is-layout-flow\">\n<p class=\"has-large-font-size\"><sub><sup><strong>Boudin blanc<\/strong><\/sup><\/sub><\/p>\n\n\n\n<figure class=\"wp-block-image size-full is-resized\"><img loading=\"lazy\" decoding=\"async\" width=\"448\" height=\"334\" src=\"https:\/\/ferme-du-grommendyck.fr\/wp-content\/uploads\/2023\/05\/Boudin-blanc-Ferme-du-Grommendyck-1.jpg\" alt=\"\" class=\"wp-image-328\" style=\"width:232px;height:auto\" srcset=\"https:\/\/ferme-du-grommendyck.fr\/wp-content\/uploads\/2023\/05\/Boudin-blanc-Ferme-du-Grommendyck-1.jpg 448w, https:\/\/ferme-du-grommendyck.fr\/wp-content\/uploads\/2023\/05\/Boudin-blanc-Ferme-du-Grommendyck-1-300x224.jpg 300w\" sizes=\"auto, (max-width: 448px) 100vw, 448px\" \/><\/figure>\n<\/div>\n\n\n\n<div class=\"wp-block-column is-layout-flow wp-block-column-is-layout-flow\">\n<p class=\"has-large-font-size\"><sub><sup><strong>Boudin noir<\/strong><\/sup><\/sub><\/p>\n\n\n\n<figure class=\"wp-block-image size-full\" id=\"block-3ea178c0-f76d-4832-a537-2c93d17e2863\"><img decoding=\"async\" src=\"http:\/\/ferme-du-grommendyck.fr\/wp-content\/uploads\/2025\/07\/BOUDIN-NOIR-1.jpg\" alt=\"\" class=\"wp-image-566\"\/><\/figure>\n<\/div>\n\n\n\n<div class=\"wp-block-column is-layout-flow wp-block-column-is-layout-flow\">\n<p class=\"has-large-font-size\"><sub><sup><strong>Saindoux<\/strong><\/sup><\/sub><\/p>\n\n\n\n<figure class=\"wp-block-image size-full is-resized\" id=\"block-3ea178c0-f76d-4832-a537-2c93d17e2863\"><img loading=\"lazy\" decoding=\"async\" width=\"448\" height=\"334\" src=\"https:\/\/ferme-du-grommendyck.fr\/wp-content\/uploads\/2023\/05\/Saindoux-nature-ou-assaisonne-250g-Ferme-du-Grommendyck-2.jpg\" alt=\"\" class=\"wp-image-330\" style=\"width:232px;height:auto\" srcset=\"https:\/\/ferme-du-grommendyck.fr\/wp-content\/uploads\/2023\/05\/Saindoux-nature-ou-assaisonne-250g-Ferme-du-Grommendyck-2.jpg 448w, https:\/\/ferme-du-grommendyck.fr\/wp-content\/uploads\/2023\/05\/Saindoux-nature-ou-assaisonne-250g-Ferme-du-Grommendyck-2-300x224.jpg 300w\" sizes=\"auto, (max-width: 448px) 100vw, 448px\" \/><\/figure>\n<\/div>\n<\/div>\n\n\n\n<div class=\"wp-block-buttons is-content-justification-center is-layout-flex wp-container-core-buttons-is-layout-a89b3969 wp-block-buttons-is-layout-flex\">\n<div class=\"wp-block-button has-custom-width wp-block-button__width-75 is-style-fill\"><a class=\"wp-block-button__link has-white-color has-accent-background-color has-text-color has-background has-custom-font-size wp-element-button\" href=\"https:\/\/ferme-du-grommendyck.fr\/index.php\/nos-produits\/\" style=\"border-radius:0px;font-size:16px\">Voir tous nos produits<\/a><\/div>\n<\/div>\n\n\n\n<div style=\"height:40px\" aria-hidden=\"true\" class=\"wp-block-spacer\"><\/div>\n\n\n\n<p class=\"has-text-align-center has-small-font-size\"><a href=\"https:\/\/ferme-du-grommendyck.fr\/\" title=\"Accueil\">Retour \u00e0 l&#8217;accueil<\/a><\/p>\n","protected":false},"excerpt":{"rendered":"<p>La charcuterie s&#8217;invite \u00e0 de nombreuses occasions. Jambon, p\u00e2t\u00e9, rillettes, saucissons et autres produits charcutiers permettent de varier les ap\u00e9ritifs, les sandwichs, les raclettes ou encore les buffets traditionnels. Et oui, vous l&#8217;aurez compris : que ce soit sur le pouce ou festif, la charcuterie va \u00e9gayer vos divers repas. [&hellip;]<\/p>\n","protected":false},"author":1,"featured_media":0,"parent":0,"menu_order":0,"comment_status":"closed","ping_status":"closed","template":"","meta":{"_monsterinsights_skip_tracking":false,"_monsterinsights_sitenote_active":false,"_monsterinsights_sitenote_note":"","_monsterinsights_sitenote_category":0,"footnotes":""},"class_list":["post-104","page","type-page","status-publish","hentry"],"aioseo_notices":[],"_links":{"self":[{"href":"https:\/\/ferme-du-grommendyck.fr\/index.php\/wp-json\/wp\/v2\/pages\/104","targetHints":{"allow":["GET"]}}],"collection":[{"href":"https:\/\/ferme-du-grommendyck.fr\/index.php\/wp-json\/wp\/v2\/pages"}],"about":[{"href":"https:\/\/ferme-du-grommendyck.fr\/index.php\/wp-json\/wp\/v2\/types\/page"}],"author":[{"embeddable":true,"href":"https:\/\/ferme-du-grommendyck.fr\/index.php\/wp-json\/wp\/v2\/users\/1"}],"replies":[{"embeddable":true,"href":"https:\/\/ferme-du-grommendyck.fr\/index.php\/wp-json\/wp\/v2\/comments?post=104"}],"version-history":[{"count":17,"href":"https:\/\/ferme-du-grommendyck.fr\/index.php\/wp-json\/wp\/v2\/pages\/104\/revisions"}],"predecessor-version":[{"id":681,"href":"https:\/\/ferme-du-grommendyck.fr\/index.php\/wp-json\/wp\/v2\/pages\/104\/revisions\/681"}],"wp:attachment":[{"href":"https:\/\/ferme-du-grommendyck.fr\/index.php\/wp-json\/wp\/v2\/media?parent=104"}],"curies":[{"name":"wp","href":"https:\/\/api.w.org\/{rel}","templated":true}]}}