{"id":160,"date":"2023-05-25T15:15:10","date_gmt":"2023-05-25T13:15:10","guid":{"rendered":"https:\/\/ferme-du-grommendyck.fr\/?page_id=160"},"modified":"2025-07-18T14:46:22","modified_gmt":"2025-07-18T12:46:22","slug":"nos-produits","status":"publish","type":"page","link":"https:\/\/ferme-du-grommendyck.fr\/index.php\/nos-produits\/","title":{"rendered":"Nos produits"},"content":{"rendered":"\n<p>Vous ne connaissez pas encore les produits de notre ferme ? En voici un aper\u00e7u. Sachez que nous proposons de <strong>la viande de porc, charcuterie, plats cuisin\u00e9s. Le tout fait maison, \u00e0 la coupe, sous-vide mais aussi en conserves<\/strong> pour que vous puissiez d\u00e9guster nos produits au moment id\u00e9al. Jambon, p\u00e2t\u00e9, r\u00f4ti, rillettes, saucisson : de quoi vous r\u00e9galer de l&#8217;ap\u00e9ritif au plat, en passant par l&#8217;entr\u00e9e. <\/p>\n\n\n\n<p>Nous proposons aussi des colis pour grouper vos achats tout en variant les produits. <\/p>\n\n\n\n<div class=\"wp-block-columns is-layout-flex wp-container-core-columns-is-layout-28f84493 wp-block-columns-is-layout-flex\">\n<div class=\"wp-block-column is-layout-flow wp-block-column-is-layout-flow\">\n<h3 class=\"wp-block-heading\">Charcuterie<\/h3>\n\n\n<div class=\"wp-block-image\">\n<figure class=\"aligncenter size-full\"><img loading=\"lazy\" decoding=\"async\" width=\"2560\" height=\"1696\" src=\"http:\/\/ferme-du-grommendyck.fr\/wp-content\/uploads\/2025\/07\/JAMBON-FUME-scaled.jpg\" alt=\"\" class=\"wp-image-562\" srcset=\"https:\/\/ferme-du-grommendyck.fr\/wp-content\/uploads\/2025\/07\/JAMBON-FUME-scaled.jpg 2560w, https:\/\/ferme-du-grommendyck.fr\/wp-content\/uploads\/2025\/07\/JAMBON-FUME-300x199.jpg 300w, https:\/\/ferme-du-grommendyck.fr\/wp-content\/uploads\/2025\/07\/JAMBON-FUME-1024x678.jpg 1024w, https:\/\/ferme-du-grommendyck.fr\/wp-content\/uploads\/2025\/07\/JAMBON-FUME-768x509.jpg 768w, https:\/\/ferme-du-grommendyck.fr\/wp-content\/uploads\/2025\/07\/JAMBON-FUME-1536x1017.jpg 1536w, https:\/\/ferme-du-grommendyck.fr\/wp-content\/uploads\/2025\/07\/JAMBON-FUME-2048x1356.jpg 2048w, https:\/\/ferme-du-grommendyck.fr\/wp-content\/uploads\/2025\/07\/JAMBON-FUME-360x240.jpg 360w\" sizes=\"auto, (max-width: 2560px) 100vw, 2560px\" \/><\/figure>\n<\/div>\n\n\n<div style=\"height:15px\" aria-hidden=\"true\" class=\"wp-block-spacer\"><\/div>\n\n\n\n<p>Jambon, p\u00e2t\u00e9s, saucissons et autres produits de charcuterie.<\/p>\n\n\n\n<div style=\"height:15px\" aria-hidden=\"true\" class=\"wp-block-spacer\"><\/div>\n\n\n\n<div class=\"wp-block-buttons is-content-justification-center is-layout-flex wp-container-core-buttons-is-layout-a89b3969 wp-block-buttons-is-layout-flex\">\n<div class=\"wp-block-button has-custom-width wp-block-button__width-75\"><a class=\"wp-block-button__link has-white-color has-accent-background-color has-text-color has-background has-custom-font-size wp-element-button\" href=\"https:\/\/ferme-du-grommendyck.fr\/index.php\/charcuterie\/\" style=\"border-radius:0px;font-size:16px\">Voir la charcuterie<\/a><\/div>\n<\/div>\n<\/div>\n\n\n\n<div class=\"wp-block-column is-layout-flow wp-block-column-is-layout-flow\">\n<h3 class=\"wp-block-heading\">Viande<\/h3>\n\n\n<div class=\"wp-block-image\">\n<figure class=\"aligncenter size-full\"><img decoding=\"async\" src=\"http:\/\/ferme-du-grommendyck.fr\/wp-content\/uploads\/2025\/07\/ROTI-DE-PORC.jpg\" alt=\"\" class=\"wp-image-581\"\/><\/figure>\n<\/div>\n\n\n<div style=\"height:15px\" aria-hidden=\"true\" class=\"wp-block-spacer\"><\/div>\n\n\n\n<p>R\u00f4ti de porc classique, r\u00f4ti Orloff, saucisses chipolatas&#8230;<\/p>\n\n\n\n<div style=\"height:15px\" aria-hidden=\"true\" class=\"wp-block-spacer\"><\/div>\n\n\n\n<div class=\"wp-block-buttons is-content-justification-center is-layout-flex wp-container-core-buttons-is-layout-a89b3969 wp-block-buttons-is-layout-flex\">\n<div class=\"wp-block-button has-custom-width wp-block-button__width-75\"><a class=\"wp-block-button__link has-white-color has-accent-background-color has-text-color has-background has-custom-font-size wp-element-button\" href=\"https:\/\/ferme-du-grommendyck.fr\/index.php\/viande\/\" style=\"border-radius:0px;font-size:16px\">Voir la viande<\/a><\/div>\n<\/div>\n<\/div>\n<\/div>\n\n\n\n<div style=\"height:31px\" aria-hidden=\"true\" class=\"wp-block-spacer\"><\/div>\n\n\n\n<div class=\"wp-block-columns is-layout-flex wp-container-core-columns-is-layout-28f84493 wp-block-columns-is-layout-flex\">\n<div class=\"wp-block-column is-layout-flow wp-block-column-is-layout-flow\">\n<h3 class=\"wp-block-heading\">Conserves<\/h3>\n\n\n<div class=\"wp-block-image\">\n<figure class=\"aligncenter size-large\"><img loading=\"lazy\" decoding=\"async\" width=\"1024\" height=\"678\" src=\"http:\/\/ferme-du-grommendyck.fr\/wp-content\/uploads\/2025\/07\/PATE-DE-CAMPAGNE-2-1024x678.jpg\" alt=\"\" class=\"wp-image-527\" srcset=\"https:\/\/ferme-du-grommendyck.fr\/wp-content\/uploads\/2025\/07\/PATE-DE-CAMPAGNE-2-1024x678.jpg 1024w, https:\/\/ferme-du-grommendyck.fr\/wp-content\/uploads\/2025\/07\/PATE-DE-CAMPAGNE-2-300x199.jpg 300w, https:\/\/ferme-du-grommendyck.fr\/wp-content\/uploads\/2025\/07\/PATE-DE-CAMPAGNE-2-768x509.jpg 768w, https:\/\/ferme-du-grommendyck.fr\/wp-content\/uploads\/2025\/07\/PATE-DE-CAMPAGNE-2-1536x1017.jpg 1536w, https:\/\/ferme-du-grommendyck.fr\/wp-content\/uploads\/2025\/07\/PATE-DE-CAMPAGNE-2-2048x1356.jpg 2048w\" sizes=\"auto, (max-width: 1024px) 100vw, 1024px\" \/><\/figure>\n<\/div>\n\n\n<div style=\"height:15px\" aria-hidden=\"true\" class=\"wp-block-spacer\"><\/div>\n\n\n\n<p>En bocal, d\u00e9gustez du p\u00e2t\u00e9 ou du saut\u00e9 de porc d\u00e8s que vous en avez envie.<\/p>\n\n\n\n<div class=\"wp-block-buttons is-content-justification-center is-layout-flex wp-container-core-buttons-is-layout-a89b3969 wp-block-buttons-is-layout-flex\">\n<div class=\"wp-block-button has-custom-width wp-block-button__width-75\"><a class=\"wp-block-button__link has-white-color has-accent-background-color has-text-color has-background has-custom-font-size wp-element-button\" href=\"https:\/\/ferme-du-grommendyck.fr\/index.php\/conserves\/\" style=\"border-radius:0px;font-size:16px\">Voir les conserves<\/a><\/div>\n<\/div>\n<\/div>\n\n\n\n<div class=\"wp-block-column is-layout-flow wp-block-column-is-layout-flow\">\n<h3 class=\"wp-block-heading\">S\u00e9lection Barbecue<\/h3>\n\n\n<div class=\"wp-block-image\">\n<figure class=\"aligncenter size-full\"><img loading=\"lazy\" decoding=\"async\" width=\"2560\" height=\"1696\" src=\"http:\/\/ferme-du-grommendyck.fr\/wp-content\/uploads\/2025\/07\/BROCHETTE-3-scaled.jpg\" alt=\"\" class=\"wp-image-615\" srcset=\"https:\/\/ferme-du-grommendyck.fr\/wp-content\/uploads\/2025\/07\/BROCHETTE-3-scaled.jpg 2560w, https:\/\/ferme-du-grommendyck.fr\/wp-content\/uploads\/2025\/07\/BROCHETTE-3-300x199.jpg 300w, https:\/\/ferme-du-grommendyck.fr\/wp-content\/uploads\/2025\/07\/BROCHETTE-3-1024x678.jpg 1024w, https:\/\/ferme-du-grommendyck.fr\/wp-content\/uploads\/2025\/07\/BROCHETTE-3-768x509.jpg 768w, https:\/\/ferme-du-grommendyck.fr\/wp-content\/uploads\/2025\/07\/BROCHETTE-3-1536x1017.jpg 1536w, https:\/\/ferme-du-grommendyck.fr\/wp-content\/uploads\/2025\/07\/BROCHETTE-3-2048x1356.jpg 2048w, https:\/\/ferme-du-grommendyck.fr\/wp-content\/uploads\/2025\/07\/BROCHETTE-3-360x240.jpg 360w\" sizes=\"auto, (max-width: 2560px) 100vw, 2560px\" \/><\/figure>\n<\/div>\n\n\n<div style=\"height:15px\" aria-hidden=\"true\" class=\"wp-block-spacer\"><\/div>\n\n\n\n<p>Brochettes, saucisses, lard, m\u00e9daillon, escalope, rouelle, travers de porc<\/p>\n\n\n\n<div class=\"wp-block-buttons is-content-justification-center is-layout-flex wp-container-core-buttons-is-layout-a89b3969 wp-block-buttons-is-layout-flex\">\n<div class=\"wp-block-button has-custom-width wp-block-button__width-75\"><a class=\"wp-block-button__link has-white-color has-accent-background-color has-text-color has-background has-custom-font-size wp-element-button\" href=\"https:\/\/ferme-du-grommendyck.fr\/index.php\/selection-barbecue\/\" style=\"border-radius:0px;font-size:16px\">Voir la s\u00e9lection Barbecue<\/a><\/div>\n<\/div>\n<\/div>\n<\/div>\n\n\n\n<p><\/p>\n\n\n\n<div class=\"wp-block-columns is-layout-flex wp-container-core-columns-is-layout-28f84493 wp-block-columns-is-layout-flex\">\n<div class=\"wp-block-column is-layout-flow wp-block-column-is-layout-flow\">\n<h3 class=\"wp-block-heading\">Charcuterie S\u00e8che<\/h3>\n\n\n\n<figure class=\"wp-block-gallery has-nested-images columns-default is-cropped wp-block-gallery-1 is-layout-flex wp-block-gallery-is-layout-flex\">\n<figure class=\"wp-block-image size-large\"><img loading=\"lazy\" decoding=\"async\" width=\"1024\" height=\"678\" data-id=\"574\" src=\"https:\/\/ferme-du-grommendyck.fr\/wp-content\/uploads\/2025\/07\/COPPA-1024x678.jpg\" alt=\"\" class=\"wp-image-574\" srcset=\"https:\/\/ferme-du-grommendyck.fr\/wp-content\/uploads\/2025\/07\/COPPA-1024x678.jpg 1024w, https:\/\/ferme-du-grommendyck.fr\/wp-content\/uploads\/2025\/07\/COPPA-300x199.jpg 300w, https:\/\/ferme-du-grommendyck.fr\/wp-content\/uploads\/2025\/07\/COPPA-768x509.jpg 768w, https:\/\/ferme-du-grommendyck.fr\/wp-content\/uploads\/2025\/07\/COPPA-1536x1017.jpg 1536w, https:\/\/ferme-du-grommendyck.fr\/wp-content\/uploads\/2025\/07\/COPPA-2048x1356.jpg 2048w\" sizes=\"auto, (max-width: 1024px) 100vw, 1024px\" \/><\/figure>\n<\/figure>\n\n\n\n<p>L&#8217;ensemble de nos charcuteries s\u00e8ches sont \u00e9labor\u00e9es directement sur place avec notre mati\u00e8re premi\u00e8re.<\/p>\n<\/div>\n\n\n\n<div class=\"wp-block-column is-layout-flow wp-block-column-is-layout-flow\">\n<h3 class=\"wp-block-heading\">Colis<\/h3>\n\n\n\n<figure class=\"wp-block-image size-large is-resized\"><img loading=\"lazy\" decoding=\"async\" width=\"448\" height=\"334\" src=\"https:\/\/ferme-du-grommendyck.fr\/wp-content\/uploads\/2023\/05\/Colis-Gourmand-4kg-Ferme-du-Grommendyck-2.jpg\" alt=\"\" class=\"wp-image-334\" style=\"width:366px;height:auto\" srcset=\"https:\/\/ferme-du-grommendyck.fr\/wp-content\/uploads\/2023\/05\/Colis-Gourmand-4kg-Ferme-du-Grommendyck-2.jpg 448w, https:\/\/ferme-du-grommendyck.fr\/wp-content\/uploads\/2023\/05\/Colis-Gourmand-4kg-Ferme-du-Grommendyck-2-300x224.jpg 300w\" sizes=\"auto, (max-width: 448px) 100vw, 448px\" \/><\/figure>\n\n\n\n<p>Nous proposons des colis de viande \u00e0 commander pour regrouper vos achats.<\/p>\n<\/div>\n<\/div>\n\n\n\n<div class=\"wp-block-columns is-layout-flex wp-container-core-columns-is-layout-28f84493 wp-block-columns-is-layout-flex\">\n<div class=\"wp-block-column is-layout-flow wp-block-column-is-layout-flow\">\n<div class=\"wp-block-buttons is-content-justification-center is-layout-flex wp-container-core-buttons-is-layout-a89b3969 wp-block-buttons-is-layout-flex\">\n<div class=\"wp-block-button has-custom-width wp-block-button__width-75\"><a class=\"wp-block-button__link has-accent-background-color has-background has-custom-font-size wp-element-button\" href=\"https:\/\/ferme-du-grommendyck.fr\/index.php\/charcuterie-seche\/\" style=\"border-radius:0px;padding-top:var(--wp--preset--spacing--20);padding-right:var(--wp--preset--spacing--60);padding-bottom:var(--wp--preset--spacing--20);padding-left:var(--wp--preset--spacing--60);font-size:16px\">Voir la charcuterie s\u00e8che<\/a><\/div>\n<\/div>\n<\/div>\n\n\n\n<div class=\"wp-block-column is-layout-flow wp-block-column-is-layout-flow\">\n<div class=\"wp-block-buttons is-content-justification-center is-layout-flex wp-container-core-buttons-is-layout-a89b3969 wp-block-buttons-is-layout-flex\">\n<div class=\"wp-block-button has-custom-width wp-block-button__width-75\"><a class=\"wp-block-button__link has-accent-background-color has-background has-custom-font-size wp-element-button\" href=\"https:\/\/ferme-du-grommendyck.fr\/index.php\/colis-2\/\" style=\"border-radius:0px;padding-top:var(--wp--preset--spacing--20);padding-right:var(--wp--preset--spacing--80);padding-bottom:var(--wp--preset--spacing--20);padding-left:var(--wp--preset--spacing--80);font-size:16px\">Voir les colis<\/a><\/div>\n<\/div>\n<\/div>\n<\/div>\n\n\n\n<p class=\"has-text-align-center has-small-font-size\"><a href=\"https:\/\/ferme-du-grommendyck.fr\/\" title=\"Accueil\">Retour \u00e0 l&#8217;accueil<\/a><\/p>\n\n\n\n<div class=\"wp-block-columns is-layout-flex wp-container-core-columns-is-layout-28f84493 wp-block-columns-is-layout-flex\">\n<div class=\"wp-block-column is-layout-flow wp-block-column-is-layout-flow\"><\/div>\n<\/div>\n","protected":false},"excerpt":{"rendered":"<p>Vous ne connaissez pas encore les produits de notre ferme ? En voici un aper\u00e7u. Sachez que nous proposons de la viande de porc, charcuterie, plats cuisin\u00e9s. Le tout fait maison, \u00e0 la coupe, sous-vide mais aussi en conserves pour que vous puissiez d\u00e9guster nos produits au moment id\u00e9al. Jambon, [&hellip;]<\/p>\n","protected":false},"author":1,"featured_media":0,"parent":0,"menu_order":0,"comment_status":"closed","ping_status":"closed","template":"","meta":{"_monsterinsights_skip_tracking":false,"_monsterinsights_sitenote_active":false,"_monsterinsights_sitenote_note":"","_monsterinsights_sitenote_category":0,"footnotes":""},"class_list":["post-160","page","type-page","status-publish","hentry"],"aioseo_notices":[],"_links":{"self":[{"href":"https:\/\/ferme-du-grommendyck.fr\/index.php\/wp-json\/wp\/v2\/pages\/160","targetHints":{"allow":["GET"]}}],"collection":[{"href":"https:\/\/ferme-du-grommendyck.fr\/index.php\/wp-json\/wp\/v2\/pages"}],"about":[{"href":"https:\/\/ferme-du-grommendyck.fr\/index.php\/wp-json\/wp\/v2\/types\/page"}],"author":[{"embeddable":true,"href":"https:\/\/ferme-du-grommendyck.fr\/index.php\/wp-json\/wp\/v2\/users\/1"}],"replies":[{"embeddable":true,"href":"https:\/\/ferme-du-grommendyck.fr\/index.php\/wp-json\/wp\/v2\/comments?post=160"}],"version-history":[{"count":22,"href":"https:\/\/ferme-du-grommendyck.fr\/index.php\/wp-json\/wp\/v2\/pages\/160\/revisions"}],"predecessor-version":[{"id":660,"href":"https:\/\/ferme-du-grommendyck.fr\/index.php\/wp-json\/wp\/v2\/pages\/160\/revisions\/660"}],"wp:attachment":[{"href":"https:\/\/ferme-du-grommendyck.fr\/index.php\/wp-json\/wp\/v2\/media?parent=160"}],"curies":[{"name":"wp","href":"https:\/\/api.w.org\/{rel}","templated":true}]}}