{"id":241,"date":"2023-05-26T12:27:08","date_gmt":"2023-05-26T10:27:08","guid":{"rendered":"https:\/\/ferme-du-grommendyck.fr\/?page_id=241"},"modified":"2025-09-02T15:15:19","modified_gmt":"2025-09-02T13:15:19","slug":"gites-a-la-ferme","status":"publish","type":"page","link":"https:\/\/ferme-du-grommendyck.fr\/index.php\/gites-a-la-ferme\/","title":{"rendered":"G\u00eetes"},"content":{"rendered":"\n<p>Envie de vous offrir un s\u00e9jour \u00e0 la ferme ? Un d\u00e9placement professionnel pr\u00e9vu \u00e0 proximit\u00e9 de Dunkerque ou Calais ? La Ferme du Grommendyck vous accueille dans 2 g\u00eetes spacieux et ind\u00e9pendants, labellis\u00e9s G\u00eetes de France et Bienvenue \u00e0 la ferme, au c\u0153ur de la campagne de la Flandre Maritime, dans les Hauts-de-France. <\/p>\n\n\n\n<h2 class=\"wp-block-heading\">G\u00eete 4 personnes N\u00b01130 &#8211; 2 chambres | 83 m\u00b2<\/h2>\n\n\n\n<figure class=\"wp-block-gallery has-nested-images columns-2 is-cropped wp-block-gallery-1 is-layout-flex wp-block-gallery-is-layout-flex\">\n<figure class=\"wp-block-image size-large\"><img loading=\"lazy\" decoding=\"async\" width=\"1024\" height=\"768\" data-id=\"242\" src=\"https:\/\/ferme-du-grommendyck.fr\/wp-content\/uploads\/2023\/05\/20150112_140206-1024x768.jpg\" alt=\"\" class=\"wp-image-242\" srcset=\"https:\/\/ferme-du-grommendyck.fr\/wp-content\/uploads\/2023\/05\/20150112_140206-1024x768.jpg 1024w, https:\/\/ferme-du-grommendyck.fr\/wp-content\/uploads\/2023\/05\/20150112_140206-300x225.jpg 300w, https:\/\/ferme-du-grommendyck.fr\/wp-content\/uploads\/2023\/05\/20150112_140206-768x576.jpg 768w, https:\/\/ferme-du-grommendyck.fr\/wp-content\/uploads\/2023\/05\/20150112_140206-1536x1152.jpg 1536w, https:\/\/ferme-du-grommendyck.fr\/wp-content\/uploads\/2023\/05\/20150112_140206.jpg 2048w\" sizes=\"auto, (max-width: 1024px) 100vw, 1024px\" \/><\/figure>\n\n\n\n<figure class=\"wp-block-image size-large\"><img loading=\"lazy\" decoding=\"async\" width=\"1024\" height=\"768\" data-id=\"243\" src=\"https:\/\/ferme-du-grommendyck.fr\/wp-content\/uploads\/2023\/05\/20150112_140021-1024x768.jpg\" alt=\"\" class=\"wp-image-243\" srcset=\"https:\/\/ferme-du-grommendyck.fr\/wp-content\/uploads\/2023\/05\/20150112_140021-1024x768.jpg 1024w, https:\/\/ferme-du-grommendyck.fr\/wp-content\/uploads\/2023\/05\/20150112_140021-300x225.jpg 300w, https:\/\/ferme-du-grommendyck.fr\/wp-content\/uploads\/2023\/05\/20150112_140021-768x576.jpg 768w, https:\/\/ferme-du-grommendyck.fr\/wp-content\/uploads\/2023\/05\/20150112_140021-1536x1152.jpg 1536w, https:\/\/ferme-du-grommendyck.fr\/wp-content\/uploads\/2023\/05\/20150112_140021.jpg 2048w\" sizes=\"auto, (max-width: 1024px) 100vw, 1024px\" \/><\/figure>\n\n\n\n<figure class=\"wp-block-image size-large\"><img loading=\"lazy\" decoding=\"async\" width=\"1024\" height=\"768\" data-id=\"244\" src=\"https:\/\/ferme-du-grommendyck.fr\/wp-content\/uploads\/2023\/05\/20150112_140358-1024x768.jpg\" alt=\"\" class=\"wp-image-244\" srcset=\"https:\/\/ferme-du-grommendyck.fr\/wp-content\/uploads\/2023\/05\/20150112_140358-1024x768.jpg 1024w, https:\/\/ferme-du-grommendyck.fr\/wp-content\/uploads\/2023\/05\/20150112_140358-300x225.jpg 300w, https:\/\/ferme-du-grommendyck.fr\/wp-content\/uploads\/2023\/05\/20150112_140358-768x576.jpg 768w, https:\/\/ferme-du-grommendyck.fr\/wp-content\/uploads\/2023\/05\/20150112_140358-1536x1152.jpg 1536w, https:\/\/ferme-du-grommendyck.fr\/wp-content\/uploads\/2023\/05\/20150112_140358.jpg 2048w\" sizes=\"auto, (max-width: 1024px) 100vw, 1024px\" \/><\/figure>\n\n\n\n<figure class=\"wp-block-image size-large\"><img loading=\"lazy\" decoding=\"async\" width=\"768\" height=\"1024\" data-id=\"248\" src=\"https:\/\/ferme-du-grommendyck.fr\/wp-content\/uploads\/2023\/05\/20150112_140253-768x1024.jpg\" alt=\"\" class=\"wp-image-248\" srcset=\"https:\/\/ferme-du-grommendyck.fr\/wp-content\/uploads\/2023\/05\/20150112_140253-768x1024.jpg 768w, https:\/\/ferme-du-grommendyck.fr\/wp-content\/uploads\/2023\/05\/20150112_140253-225x300.jpg 225w, https:\/\/ferme-du-grommendyck.fr\/wp-content\/uploads\/2023\/05\/20150112_140253-1152x1536.jpg 1152w, https:\/\/ferme-du-grommendyck.fr\/wp-content\/uploads\/2023\/05\/20150112_140253.jpg 1536w\" sizes=\"auto, (max-width: 768px) 100vw, 768px\" \/><\/figure>\n\n\n\n<figure class=\"wp-block-image size-large\"><img loading=\"lazy\" decoding=\"async\" width=\"1024\" height=\"768\" data-id=\"245\" src=\"https:\/\/ferme-du-grommendyck.fr\/wp-content\/uploads\/2023\/05\/20150112_140511-1024x768.jpg\" alt=\"\" class=\"wp-image-245\" srcset=\"https:\/\/ferme-du-grommendyck.fr\/wp-content\/uploads\/2023\/05\/20150112_140511-1024x768.jpg 1024w, https:\/\/ferme-du-grommendyck.fr\/wp-content\/uploads\/2023\/05\/20150112_140511-300x225.jpg 300w, https:\/\/ferme-du-grommendyck.fr\/wp-content\/uploads\/2023\/05\/20150112_140511-768x576.jpg 768w, https:\/\/ferme-du-grommendyck.fr\/wp-content\/uploads\/2023\/05\/20150112_140511-1536x1152.jpg 1536w, https:\/\/ferme-du-grommendyck.fr\/wp-content\/uploads\/2023\/05\/20150112_140511.jpg 2048w\" sizes=\"auto, (max-width: 1024px) 100vw, 1024px\" \/><\/figure>\n\n\n\n<figure class=\"wp-block-image size-large\"><img loading=\"lazy\" decoding=\"async\" width=\"768\" height=\"1024\" data-id=\"246\" src=\"https:\/\/ferme-du-grommendyck.fr\/wp-content\/uploads\/2023\/05\/20150112_140643-768x1024.jpg\" alt=\"\" class=\"wp-image-246\" srcset=\"https:\/\/ferme-du-grommendyck.fr\/wp-content\/uploads\/2023\/05\/20150112_140643-768x1024.jpg 768w, https:\/\/ferme-du-grommendyck.fr\/wp-content\/uploads\/2023\/05\/20150112_140643-225x300.jpg 225w, https:\/\/ferme-du-grommendyck.fr\/wp-content\/uploads\/2023\/05\/20150112_140643-1152x1536.jpg 1152w, https:\/\/ferme-du-grommendyck.fr\/wp-content\/uploads\/2023\/05\/20150112_140643.jpg 1536w\" sizes=\"auto, (max-width: 768px) 100vw, 768px\" \/><\/figure>\n\n\n\n<figure class=\"wp-block-image size-large\"><img loading=\"lazy\" decoding=\"async\" width=\"1024\" height=\"768\" data-id=\"249\" src=\"https:\/\/ferme-du-grommendyck.fr\/wp-content\/uploads\/2023\/05\/20150112_141329-1024x768.jpg\" alt=\"\" class=\"wp-image-249\" srcset=\"https:\/\/ferme-du-grommendyck.fr\/wp-content\/uploads\/2023\/05\/20150112_141329-1024x768.jpg 1024w, https:\/\/ferme-du-grommendyck.fr\/wp-content\/uploads\/2023\/05\/20150112_141329-300x225.jpg 300w, https:\/\/ferme-du-grommendyck.fr\/wp-content\/uploads\/2023\/05\/20150112_141329-768x576.jpg 768w, https:\/\/ferme-du-grommendyck.fr\/wp-content\/uploads\/2023\/05\/20150112_141329-1536x1152.jpg 1536w, https:\/\/ferme-du-grommendyck.fr\/wp-content\/uploads\/2023\/05\/20150112_141329.jpg 2048w\" sizes=\"auto, (max-width: 1024px) 100vw, 1024px\" \/><\/figure>\n\n\n\n<figure class=\"wp-block-image size-large\"><img loading=\"lazy\" decoding=\"async\" width=\"1024\" height=\"768\" data-id=\"247\" src=\"https:\/\/ferme-du-grommendyck.fr\/wp-content\/uploads\/2023\/05\/20150112_141029-1024x768.jpg\" alt=\"\" class=\"wp-image-247\" srcset=\"https:\/\/ferme-du-grommendyck.fr\/wp-content\/uploads\/2023\/05\/20150112_141029-1024x768.jpg 1024w, https:\/\/ferme-du-grommendyck.fr\/wp-content\/uploads\/2023\/05\/20150112_141029-300x225.jpg 300w, https:\/\/ferme-du-grommendyck.fr\/wp-content\/uploads\/2023\/05\/20150112_141029-768x576.jpg 768w, https:\/\/ferme-du-grommendyck.fr\/wp-content\/uploads\/2023\/05\/20150112_141029-1536x1152.jpg 1536w, https:\/\/ferme-du-grommendyck.fr\/wp-content\/uploads\/2023\/05\/20150112_141029.jpg 2048w\" sizes=\"auto, (max-width: 1024px) 100vw, 1024px\" \/><\/figure>\n<\/figure>\n\n\n\n<div style=\"height:30px\" aria-hidden=\"true\" class=\"wp-block-spacer\"><\/div>\n\n\n\n<h3 class=\"wp-block-heading\">A l&#8217;int\u00e9rieur du g\u00eete :<\/h3>\n\n\n\n<ul class=\"wp-block-list\">\n<li>Hall d&#8217;entr\u00e9e, <\/li>\n\n\n\n<li>S\u00e9jour avec cuisine \u00e9quip\u00e9e (dont lave-vaisselle). <\/li>\n\n\n\n<li>2 chambres \u00e0 th\u00e8me :&#8221;po\u00e9sie&#8221; et &#8220;C\u00f4te d&#8217;Opale&#8221; avec 2 lits 1 personne en90x190 chacune. <\/li>\n\n\n\n<li>WC + Salle de bain &#8211; douche en 90&#215;90. <\/li>\n\n\n\n<li>TV \u00e9cran plat 80 cm, <\/li>\n\n\n\n<li>Wifi, <\/li>\n\n\n\n<li>Lave-linge<\/li>\n<\/ul>\n\n\n\n<h3 class=\"wp-block-heading\">A l&#8217;ext\u00e9rieur du g\u00eete :<\/h3>\n\n\n\n<ul class=\"wp-block-list\">\n<li>Grande terrasse orient\u00e9e sud ouest<\/li>\n\n\n\n<li>Salon de jardin. <\/li>\n\n\n\n<li>Stationnement dans la grande cour de la ferme et hangar pour les motos<\/li>\n<\/ul>\n\n\n\n<h3 class=\"wp-block-heading\">Informations compl\u00e9mentaires :<\/h3>\n\n\n\n<p><em>Draps fournis. <\/em><br><em>Possibilit\u00e9 de forfait m\u00e9nage.<br>Chauffage \u00e9lectrique. <\/em><br><em>Charges comprises. <\/em><\/p>\n\n\n\n<div style=\"height:30px\" aria-hidden=\"true\" class=\"wp-block-spacer\"><\/div>\n\n\n\n<div class=\"wp-block-buttons is-content-justification-center is-layout-flex wp-container-core-buttons-is-layout-a89b3969 wp-block-buttons-is-layout-flex\">\n<div class=\"wp-block-button has-custom-width wp-block-button__width-75\"><a class=\"wp-block-button__link has-white-color has-accent-background-color has-text-color has-background has-custom-font-size wp-element-button\" href=\"https:\/\/www.gites-de-france-nord.fr\/location-vacances-Gite-Bourbourg-Ferme-Du-Grommendyck-59G1130.html?\" style=\"border-radius:0px;font-size:16px\" target=\"_blank\" rel=\"noreferrer noopener\">Voir \/ R\u00e9server le g\u00eete 4 personnes<\/a><\/div>\n<\/div>\n\n\n\n<div style=\"height:50px\" aria-hidden=\"true\" class=\"wp-block-spacer\"><\/div>\n\n\n\n<h2 class=\"wp-block-heading\">G\u00eete 6 personnes N\u00b01127 &#8211; 3 chambres | 120 m\u00b2<\/h2>\n\n\n\n<figure class=\"wp-block-gallery has-nested-images columns-2 is-cropped wp-block-gallery-2 is-layout-flex wp-block-gallery-is-layout-flex\">\n<figure class=\"wp-block-image size-large\"><img loading=\"lazy\" decoding=\"async\" width=\"1024\" height=\"683\" data-id=\"255\" src=\"https:\/\/ferme-du-grommendyck.fr\/wp-content\/uploads\/2023\/05\/DSC02788-1024x683.jpg\" alt=\"\" class=\"wp-image-255\" srcset=\"https:\/\/ferme-du-grommendyck.fr\/wp-content\/uploads\/2023\/05\/DSC02788-1024x683.jpg 1024w, https:\/\/ferme-du-grommendyck.fr\/wp-content\/uploads\/2023\/05\/DSC02788-300x200.jpg 300w, https:\/\/ferme-du-grommendyck.fr\/wp-content\/uploads\/2023\/05\/DSC02788-768x512.jpg 768w, https:\/\/ferme-du-grommendyck.fr\/wp-content\/uploads\/2023\/05\/DSC02788-1536x1024.jpg 1536w, https:\/\/ferme-du-grommendyck.fr\/wp-content\/uploads\/2023\/05\/DSC02788-2048x1365.jpg 2048w, https:\/\/ferme-du-grommendyck.fr\/wp-content\/uploads\/2023\/05\/DSC02788-360x240.jpg 360w\" sizes=\"auto, (max-width: 1024px) 100vw, 1024px\" \/><\/figure>\n\n\n\n<figure class=\"wp-block-image size-large\"><img loading=\"lazy\" decoding=\"async\" width=\"1024\" height=\"683\" data-id=\"251\" src=\"http:\/\/ferme-du-grommendyck.fr\/wp-content\/uploads\/2023\/05\/DSC02769-1024x683.jpg\" alt=\"\" class=\"wp-image-251\" srcset=\"https:\/\/ferme-du-grommendyck.fr\/wp-content\/uploads\/2023\/05\/DSC02769-1024x683.jpg 1024w, https:\/\/ferme-du-grommendyck.fr\/wp-content\/uploads\/2023\/05\/DSC02769-300x200.jpg 300w, https:\/\/ferme-du-grommendyck.fr\/wp-content\/uploads\/2023\/05\/DSC02769-768x512.jpg 768w, https:\/\/ferme-du-grommendyck.fr\/wp-content\/uploads\/2023\/05\/DSC02769-1536x1024.jpg 1536w, https:\/\/ferme-du-grommendyck.fr\/wp-content\/uploads\/2023\/05\/DSC02769-2048x1365.jpg 2048w, https:\/\/ferme-du-grommendyck.fr\/wp-content\/uploads\/2023\/05\/DSC02769-360x240.jpg 360w\" sizes=\"auto, (max-width: 1024px) 100vw, 1024px\" \/><\/figure>\n\n\n\n<figure class=\"wp-block-image size-large\"><img loading=\"lazy\" decoding=\"async\" width=\"1024\" height=\"683\" data-id=\"256\" src=\"https:\/\/ferme-du-grommendyck.fr\/wp-content\/uploads\/2023\/05\/DSC02790-1024x683.jpg\" alt=\"\" class=\"wp-image-256\" srcset=\"https:\/\/ferme-du-grommendyck.fr\/wp-content\/uploads\/2023\/05\/DSC02790-1024x683.jpg 1024w, https:\/\/ferme-du-grommendyck.fr\/wp-content\/uploads\/2023\/05\/DSC02790-300x200.jpg 300w, https:\/\/ferme-du-grommendyck.fr\/wp-content\/uploads\/2023\/05\/DSC02790-768x512.jpg 768w, https:\/\/ferme-du-grommendyck.fr\/wp-content\/uploads\/2023\/05\/DSC02790-1536x1024.jpg 1536w, https:\/\/ferme-du-grommendyck.fr\/wp-content\/uploads\/2023\/05\/DSC02790-2048x1365.jpg 2048w, https:\/\/ferme-du-grommendyck.fr\/wp-content\/uploads\/2023\/05\/DSC02790-360x240.jpg 360w\" sizes=\"auto, (max-width: 1024px) 100vw, 1024px\" \/><\/figure>\n<\/figure>\n\n\n\n<div style=\"height:30px\" aria-hidden=\"true\" class=\"wp-block-spacer\"><\/div>\n\n\n\n<h3 class=\"wp-block-heading\">A l&#8217;int\u00e9rieur du g\u00eete :<\/h3>\n\n\n\n<p>Rez de chauss\u00e9e : <\/p>\n\n\n\n<ul class=\"wp-block-list\">\n<li>S\u00e9jour coin-cuisine (micro-ondes, lave-vaisselle), chemin\u00e9e avec insert, <\/li>\n\n\n\n<li>WC + salle de bain<\/li>\n\n\n\n<li>1 chambre avec 2 lits simples en 90&#215;190 cm<\/li>\n<\/ul>\n\n\n\n<p>A l&#8217;\u00e9tage :<\/p>\n\n\n\n<ul class=\"wp-block-list\">\n<li>2 chambres avec chacune 2 lits en 90&#215;190, <\/li>\n\n\n\n<li>Mezzanine, coin-bureau, <\/li>\n\n\n\n<li>WC.<\/li>\n\n\n\n<li>Lave-linge, . T\u00e9l\u00e9phone. T\u00e9l\u00e9vision. Acc\u00e8s internet wifi gratuit. Chauffage \u00e9lectrique. Draps fournis. Charges comprises.<\/li>\n<\/ul>\n\n\n\n<h3 class=\"wp-block-heading\">A l&#8217;ext\u00e9rieur du g\u00eete :<\/h3>\n\n\n\n<ul class=\"wp-block-list\">\n<li>Pelouse, <\/li>\n\n\n\n<li>Salon de jardin <\/li>\n\n\n\n<li>Barbecue pour profiter de moments agr\u00e9ables \u00e0 l&#8217;ext\u00e9rieur. <a href=\"https:\/\/ferme-du-grommendyck.fr\/index.php\/nos-produits\/\" title=\"Nos produits\">Viande \u00e0 barbecue<\/a> en vente \u00e0 la ferme.<\/li>\n\n\n\n<li>Petite cour avec un pr\u00e9au est \u00e9galement mise \u00e0 disposition.<\/li>\n<\/ul>\n\n\n\n<h3 class=\"wp-block-heading\">Informations compl\u00e9mentaires :<\/h3>\n\n\n\n<p><em>Draps fournis.<\/em><br><em>Possibilit\u00e9 de forfait m\u00e9nage.<br>Chauffage \u00e9lectrique. <\/em><br><em>Charges comprises. <\/em><br><em>Animaux autoris\u00e9s avec suppl\u00e9ment<\/em>.<\/p>\n\n\n\n<div style=\"height:30px\" aria-hidden=\"true\" class=\"wp-block-spacer\"><\/div>\n\n\n\n<div class=\"wp-block-buttons is-content-justification-center is-layout-flex wp-container-core-buttons-is-layout-a89b3969 wp-block-buttons-is-layout-flex\">\n<div class=\"wp-block-button has-custom-width wp-block-button__width-75\"><a class=\"wp-block-button__link has-white-color has-accent-background-color has-text-color has-background has-custom-font-size wp-element-button\" href=\"https:\/\/www.gites-de-france-nord.fr\/location-vacances-Gite-Bourbourg-Ferme-Du-Grommendyck-59G1127.html\" style=\"border-radius:0px;font-size:16px\" target=\"_blank\" rel=\"noreferrer noopener\">Voir \/ R\u00e9server le g\u00eete 6 personnes<\/a><\/div>\n<\/div>\n\n\n\n<div style=\"height:30px\" aria-hidden=\"true\" class=\"wp-block-spacer\"><\/div>\n\n\n\n<p class=\"has-text-align-center has-small-font-size\"><a href=\"https:\/\/ferme-du-grommendyck.fr\/\" title=\"Accueil\">Retour \u00e0 l&#8217;accueil<\/a><\/p>\n","protected":false},"excerpt":{"rendered":"<p>Envie de vous offrir un s\u00e9jour \u00e0 la ferme ? Un d\u00e9placement professionnel pr\u00e9vu \u00e0 proximit\u00e9 de Dunkerque ou Calais ? La Ferme du Grommendyck vous accueille dans 2 g\u00eetes spacieux et ind\u00e9pendants, labellis\u00e9s G\u00eetes de France et Bienvenue \u00e0 la ferme, au c\u0153ur de la campagne de la Flandre [&hellip;]<\/p>\n","protected":false},"author":1,"featured_media":0,"parent":0,"menu_order":0,"comment_status":"closed","ping_status":"closed","template":"","meta":{"_monsterinsights_skip_tracking":false,"_monsterinsights_sitenote_active":false,"_monsterinsights_sitenote_note":"","_monsterinsights_sitenote_category":0,"footnotes":""},"class_list":["post-241","page","type-page","status-publish","hentry"],"aioseo_notices":[],"_links":{"self":[{"href":"https:\/\/ferme-du-grommendyck.fr\/index.php\/wp-json\/wp\/v2\/pages\/241","targetHints":{"allow":["GET"]}}],"collection":[{"href":"https:\/\/ferme-du-grommendyck.fr\/index.php\/wp-json\/wp\/v2\/pages"}],"about":[{"href":"https:\/\/ferme-du-grommendyck.fr\/index.php\/wp-json\/wp\/v2\/types\/page"}],"author":[{"embeddable":true,"href":"https:\/\/ferme-du-grommendyck.fr\/index.php\/wp-json\/wp\/v2\/users\/1"}],"replies":[{"embeddable":true,"href":"https:\/\/ferme-du-grommendyck.fr\/index.php\/wp-json\/wp\/v2\/comments?post=241"}],"version-history":[{"count":9,"href":"https:\/\/ferme-du-grommendyck.fr\/index.php\/wp-json\/wp\/v2\/pages\/241\/revisions"}],"predecessor-version":[{"id":699,"href":"https:\/\/ferme-du-grommendyck.fr\/index.php\/wp-json\/wp\/v2\/pages\/241\/revisions\/699"}],"wp:attachment":[{"href":"https:\/\/ferme-du-grommendyck.fr\/index.php\/wp-json\/wp\/v2\/media?parent=241"}],"curies":[{"name":"wp","href":"https:\/\/api.w.org\/{rel}","templated":true}]}}