{"id":266,"date":"2023-05-28T22:37:12","date_gmt":"2023-05-28T20:37:12","guid":{"rendered":"https:\/\/ferme-du-grommendyck.fr\/?page_id=266"},"modified":"2025-07-18T10:44:07","modified_gmt":"2025-07-18T08:44:07","slug":"recettes","status":"publish","type":"page","link":"https:\/\/ferme-du-grommendyck.fr\/index.php\/recettes\/","title":{"rendered":"Recettes"},"content":{"rendered":"\n<p>A la Ferme du Grommendyck, nous avons \u00e0 c\u0153ur de vous proposer de bons produits que vous pourrez d\u00e9couvrir de plusieurs mani\u00e8res, \u00e0 travers divers recettes. Ici, nous vous en avons pr\u00e9parer quelques-unes qui, nous en sommes s\u00fbres, seront vous plaire \u00e0 coup s\u00fbr. <\/p>\n\n\n\n<div style=\"height:30px\" aria-hidden=\"true\" class=\"wp-block-spacer\"><\/div>\n\n\n\n<div class=\"wp-block-columns is-layout-flex wp-container-core-columns-is-layout-28f84493 wp-block-columns-is-layout-flex\">\n<div class=\"wp-block-column is-layout-flow wp-block-column-is-layout-flow\" style=\"flex-basis:33.33%\">\n<figure class=\"wp-block-image size-full\"><img loading=\"lazy\" decoding=\"async\" width=\"2560\" height=\"1696\" src=\"http:\/\/ferme-du-grommendyck.fr\/wp-content\/uploads\/2025\/07\/ROTI-DE-PORC-1-scaled.jpg\" alt=\"\" class=\"wp-image-588\" srcset=\"https:\/\/ferme-du-grommendyck.fr\/wp-content\/uploads\/2025\/07\/ROTI-DE-PORC-1-scaled.jpg 2560w, https:\/\/ferme-du-grommendyck.fr\/wp-content\/uploads\/2025\/07\/ROTI-DE-PORC-1-300x199.jpg 300w, https:\/\/ferme-du-grommendyck.fr\/wp-content\/uploads\/2025\/07\/ROTI-DE-PORC-1-1024x678.jpg 1024w, https:\/\/ferme-du-grommendyck.fr\/wp-content\/uploads\/2025\/07\/ROTI-DE-PORC-1-768x509.jpg 768w, https:\/\/ferme-du-grommendyck.fr\/wp-content\/uploads\/2025\/07\/ROTI-DE-PORC-1-1536x1017.jpg 1536w, https:\/\/ferme-du-grommendyck.fr\/wp-content\/uploads\/2025\/07\/ROTI-DE-PORC-1-2048x1356.jpg 2048w, https:\/\/ferme-du-grommendyck.fr\/wp-content\/uploads\/2025\/07\/ROTI-DE-PORC-1-360x240.jpg 360w\" sizes=\"auto, (max-width: 2560px) 100vw, 2560px\" \/><\/figure>\n<\/div>\n\n\n\n<div class=\"wp-block-column is-layout-flow wp-block-column-is-layout-flow\" style=\"flex-basis:66.66%\">\n<h2 class=\"wp-block-heading\">R\u00f4ti de porc \u00e0 la moutarde et au miel<\/h2>\n\n\n\n<p>Pour 6 personnes<br>Pr\u00e9paration&nbsp;: 10 minutes | Cuisson&nbsp;: 60 minutes&nbsp;<\/p>\n\n\n\n<div class=\"wp-block-buttons is-layout-flex wp-block-buttons-is-layout-flex\">\n<div class=\"wp-block-button has-custom-width wp-block-button__width-75\"><a class=\"wp-block-button__link has-white-color has-accent-background-color has-text-color has-background has-custom-font-size wp-element-button\" href=\"https:\/\/ferme-du-grommendyck.fr\/index.php\/recette-roti-de-porc-moutarde-et-miel\/\" style=\"border-radius:0px;font-size:16px\">Voir la recette<\/a><\/div>\n<\/div>\n<\/div>\n<\/div>\n\n\n\n<div class=\"wp-block-columns is-layout-flex wp-container-core-columns-is-layout-28f84493 wp-block-columns-is-layout-flex\">\n<div class=\"wp-block-column is-layout-flow wp-block-column-is-layout-flow\" style=\"flex-basis:33.33%\">\n<figure class=\"wp-block-image size-full\"><img loading=\"lazy\" decoding=\"async\" width=\"2560\" height=\"1696\" src=\"http:\/\/ferme-du-grommendyck.fr\/wp-content\/uploads\/2025\/07\/ROTI-DE-PORC-1-scaled.jpg\" alt=\"\" class=\"wp-image-588\" srcset=\"https:\/\/ferme-du-grommendyck.fr\/wp-content\/uploads\/2025\/07\/ROTI-DE-PORC-1-scaled.jpg 2560w, https:\/\/ferme-du-grommendyck.fr\/wp-content\/uploads\/2025\/07\/ROTI-DE-PORC-1-300x199.jpg 300w, https:\/\/ferme-du-grommendyck.fr\/wp-content\/uploads\/2025\/07\/ROTI-DE-PORC-1-1024x678.jpg 1024w, https:\/\/ferme-du-grommendyck.fr\/wp-content\/uploads\/2025\/07\/ROTI-DE-PORC-1-768x509.jpg 768w, https:\/\/ferme-du-grommendyck.fr\/wp-content\/uploads\/2025\/07\/ROTI-DE-PORC-1-1536x1017.jpg 1536w, https:\/\/ferme-du-grommendyck.fr\/wp-content\/uploads\/2025\/07\/ROTI-DE-PORC-1-2048x1356.jpg 2048w, https:\/\/ferme-du-grommendyck.fr\/wp-content\/uploads\/2025\/07\/ROTI-DE-PORC-1-360x240.jpg 360w\" sizes=\"auto, (max-width: 2560px) 100vw, 2560px\" \/><\/figure>\n<\/div>\n\n\n\n<div class=\"wp-block-column is-layout-flow wp-block-column-is-layout-flow\" style=\"flex-basis:66.66%\">\n<h2 class=\"wp-block-heading\">R\u00f4ti de porc aux pruneaux<\/h2>\n\n\n\n<p>Pour 4 personnes<br>Pr\u00e9paration&nbsp;: 30 minutes | Cuisson&nbsp;: 60 minutes&nbsp;<\/p>\n\n\n\n<div class=\"wp-block-buttons is-layout-flex wp-block-buttons-is-layout-flex\">\n<div class=\"wp-block-button has-custom-width wp-block-button__width-75\"><a class=\"wp-block-button__link has-white-color has-accent-background-color has-text-color has-background has-custom-font-size wp-element-button\" href=\"https:\/\/ferme-du-grommendyck.fr\/index.php\/recette-roti-de-porc-aux-pruneaux\/\" style=\"border-radius:0px;font-size:16px\">Voir la recette<\/a><\/div>\n<\/div>\n<\/div>\n<\/div>\n\n\n\n<div class=\"wp-block-columns is-layout-flex wp-container-core-columns-is-layout-28f84493 wp-block-columns-is-layout-flex\">\n<div class=\"wp-block-column is-layout-flow wp-block-column-is-layout-flow\" style=\"flex-basis:33.33%\">\n<figure class=\"wp-block-image size-full is-resized\"><img loading=\"lazy\" decoding=\"async\" width=\"270\" height=\"270\" src=\"https:\/\/ferme-du-grommendyck.fr\/wp-content\/uploads\/2023\/07\/Les-recettes-de-sandwiches.jpg\" alt=\"\" class=\"wp-image-398\" style=\"width:271px;height:auto\" srcset=\"https:\/\/ferme-du-grommendyck.fr\/wp-content\/uploads\/2023\/07\/Les-recettes-de-sandwiches.jpg 270w, https:\/\/ferme-du-grommendyck.fr\/wp-content\/uploads\/2023\/07\/Les-recettes-de-sandwiches-150x150.jpg 150w\" sizes=\"auto, (max-width: 270px) 100vw, 270px\" \/><\/figure>\n<\/div>\n\n\n\n<div class=\"wp-block-column is-layout-flow wp-block-column-is-layout-flow\" style=\"flex-basis:66.66%\">\n<h2 class=\"wp-block-heading\">Id\u00e9es de recettes de sandwichs<\/h2>\n\n\n\n<p>Pour 1 personne<br>Recettes vari\u00e9es de sandwichs pour tous les go\u00fbts<\/p>\n\n\n\n<div class=\"wp-block-buttons is-layout-flex wp-block-buttons-is-layout-flex\">\n<div class=\"wp-block-button has-custom-width wp-block-button__width-75\"><a class=\"wp-block-button__link has-white-color has-accent-background-color has-text-color has-background has-custom-font-size wp-element-button\" href=\"https:\/\/ferme-du-grommendyck.fr\/index.php\/recettes-idees-de-sandwiches\/(ouvre un nouvel onglet)\" style=\"border-radius:0px;font-size:16px\">Voir les recettes<\/a><\/div>\n<\/div>\n<\/div>\n<\/div>\n\n\n\n<div class=\"wp-block-columns is-layout-flex wp-container-core-columns-is-layout-28f84493 wp-block-columns-is-layout-flex\">\n<div class=\"wp-block-column is-layout-flow wp-block-column-is-layout-flow\" style=\"flex-basis:33.33%\">\n<figure class=\"wp-block-image size-full\"><img loading=\"lazy\" decoding=\"async\" width=\"2560\" height=\"1696\" src=\"http:\/\/ferme-du-grommendyck.fr\/wp-content\/uploads\/2025\/07\/DSC_0337-scaled.jpg\" alt=\"\" class=\"wp-image-584\" srcset=\"https:\/\/ferme-du-grommendyck.fr\/wp-content\/uploads\/2025\/07\/DSC_0337-scaled.jpg 2560w, https:\/\/ferme-du-grommendyck.fr\/wp-content\/uploads\/2025\/07\/DSC_0337-300x199.jpg 300w, https:\/\/ferme-du-grommendyck.fr\/wp-content\/uploads\/2025\/07\/DSC_0337-1024x678.jpg 1024w, https:\/\/ferme-du-grommendyck.fr\/wp-content\/uploads\/2025\/07\/DSC_0337-768x509.jpg 768w, https:\/\/ferme-du-grommendyck.fr\/wp-content\/uploads\/2025\/07\/DSC_0337-1536x1017.jpg 1536w, https:\/\/ferme-du-grommendyck.fr\/wp-content\/uploads\/2025\/07\/DSC_0337-2048x1356.jpg 2048w, https:\/\/ferme-du-grommendyck.fr\/wp-content\/uploads\/2025\/07\/DSC_0337-360x240.jpg 360w\" sizes=\"auto, (max-width: 2560px) 100vw, 2560px\" \/><\/figure>\n<\/div>\n\n\n\n<div class=\"wp-block-column is-layout-flow wp-block-column-is-layout-flow\" style=\"flex-basis:66.66%\">\n<h2 class=\"wp-block-heading\">La recette d&#8217;une raclette r\u00e9ussie<\/h2>\n\n\n\n<p>Type de charcuterie et quantit\u00e9s<br>Nos conseils et nos astuces pour r\u00e9ussir une raclette.<\/p>\n\n\n\n<div class=\"wp-block-buttons is-layout-flex wp-block-buttons-is-layout-flex\">\n<div class=\"wp-block-button has-custom-width wp-block-button__width-75\"><a class=\"wp-block-button__link has-white-color has-accent-background-color has-text-color has-background has-custom-font-size wp-element-button\" href=\"https:\/\/ferme-du-grommendyck.fr\/index.php\/recette-comment-preparer-une-raclette\/\" style=\"border-radius:0px;font-size:16px\">Voir la recette<\/a><\/div>\n<\/div>\n<\/div>\n<\/div>\n\n\n\n<div class=\"wp-block-columns is-layout-flex wp-container-core-columns-is-layout-28f84493 wp-block-columns-is-layout-flex\">\n<div class=\"wp-block-column is-layout-flow wp-block-column-is-layout-flow\" style=\"flex-basis:33.33%\">\n<figure class=\"wp-block-image size-full\"><img loading=\"lazy\" decoding=\"async\" width=\"2560\" height=\"1692\" src=\"http:\/\/ferme-du-grommendyck.fr\/wp-content\/uploads\/2025\/07\/SAUTE-edited-scaled.jpg\" alt=\"\" class=\"wp-image-540\" srcset=\"https:\/\/ferme-du-grommendyck.fr\/wp-content\/uploads\/2025\/07\/SAUTE-edited-scaled.jpg 2560w, https:\/\/ferme-du-grommendyck.fr\/wp-content\/uploads\/2025\/07\/SAUTE-edited-300x198.jpg 300w, https:\/\/ferme-du-grommendyck.fr\/wp-content\/uploads\/2025\/07\/SAUTE-edited-1024x677.jpg 1024w, https:\/\/ferme-du-grommendyck.fr\/wp-content\/uploads\/2025\/07\/SAUTE-edited-768x508.jpg 768w, https:\/\/ferme-du-grommendyck.fr\/wp-content\/uploads\/2025\/07\/SAUTE-edited-1536x1015.jpg 1536w, https:\/\/ferme-du-grommendyck.fr\/wp-content\/uploads\/2025\/07\/SAUTE-edited-2048x1353.jpg 2048w\" sizes=\"auto, (max-width: 2560px) 100vw, 2560px\" \/><\/figure>\n<\/div>\n\n\n\n<div class=\"wp-block-column is-layout-flow wp-block-column-is-layout-flow\" style=\"flex-basis:66.66%\">\n<h2 class=\"wp-block-heading\">Saut\u00e9 de porc au curry<\/h2>\n\n\n\n<p>Pour 4 personnes<br>Pr\u00e9paration&nbsp;: 15 minutes | Cuisson&nbsp;: 90 minutes<\/p>\n\n\n\n<div class=\"wp-block-buttons is-content-justification-left is-layout-flex wp-container-core-buttons-is-layout-fc4fd283 wp-block-buttons-is-layout-flex\">\n<div class=\"wp-block-button has-custom-width wp-block-button__width-75\"><a class=\"wp-block-button__link has-white-color has-accent-background-color has-text-color has-background has-custom-font-size wp-element-button\" href=\"https:\/\/ferme-du-grommendyck.fr\/index.php\/recette-saute-de-porc-au-curry\/\" style=\"border-radius:0px;font-size:16px\">Voir la recette<\/a><\/div>\n<\/div>\n<\/div>\n<\/div>\n\n\n\n<div class=\"wp-block-columns is-layout-flex wp-container-core-columns-is-layout-28f84493 wp-block-columns-is-layout-flex\">\n<div class=\"wp-block-column is-layout-flow wp-block-column-is-layout-flow\" style=\"flex-basis:33.33%\">\n<figure class=\"wp-block-image size-full\"><img loading=\"lazy\" decoding=\"async\" width=\"2560\" height=\"1696\" src=\"http:\/\/ferme-du-grommendyck.fr\/wp-content\/uploads\/2025\/07\/JAMBON-FUME-scaled.jpg\" alt=\"\" class=\"wp-image-562\" srcset=\"https:\/\/ferme-du-grommendyck.fr\/wp-content\/uploads\/2025\/07\/JAMBON-FUME-scaled.jpg 2560w, https:\/\/ferme-du-grommendyck.fr\/wp-content\/uploads\/2025\/07\/JAMBON-FUME-300x199.jpg 300w, https:\/\/ferme-du-grommendyck.fr\/wp-content\/uploads\/2025\/07\/JAMBON-FUME-1024x678.jpg 1024w, https:\/\/ferme-du-grommendyck.fr\/wp-content\/uploads\/2025\/07\/JAMBON-FUME-768x509.jpg 768w, https:\/\/ferme-du-grommendyck.fr\/wp-content\/uploads\/2025\/07\/JAMBON-FUME-1536x1017.jpg 1536w, https:\/\/ferme-du-grommendyck.fr\/wp-content\/uploads\/2025\/07\/JAMBON-FUME-2048x1356.jpg 2048w, https:\/\/ferme-du-grommendyck.fr\/wp-content\/uploads\/2025\/07\/JAMBON-FUME-360x240.jpg 360w\" sizes=\"auto, (max-width: 2560px) 100vw, 2560px\" \/><\/figure>\n<\/div>\n\n\n\n<div class=\"wp-block-column is-layout-flow wp-block-column-is-layout-flow\" style=\"flex-basis:66.66%\">\n<h2 class=\"wp-block-heading\">Jambon d\u2019York chaud et sauce au Chablis<\/h2>\n\n\n\n<p>Pour 4 personnes<br>Pr\u00e9paration&nbsp;: 15 minutes | Cuisson&nbsp;: 10 minutes<\/p>\n\n\n\n<div class=\"wp-block-buttons is-layout-flex wp-block-buttons-is-layout-flex\">\n<div class=\"wp-block-button has-custom-width wp-block-button__width-75\"><a class=\"wp-block-button__link has-white-color has-accent-background-color has-text-color has-background has-custom-font-size wp-element-button\" href=\"https:\/\/ferme-du-grommendyck.fr\/index.php\/recette-jambon-dyork-chaud-et-sauce-au-chablis\/\" style=\"border-radius:0px;font-size:16px\">Voir la recette<\/a><\/div>\n<\/div>\n<\/div>\n<\/div>\n\n\n\n<div style=\"height:30px\" aria-hidden=\"true\" class=\"wp-block-spacer\"><\/div>\n\n\n\n<p class=\"has-text-align-center has-small-font-size\"><a href=\"https:\/\/ferme-du-grommendyck.fr\/\" title=\"Accueil\">Retour \u00e0 l&#8217;accueil<\/a><\/p>\n","protected":false},"excerpt":{"rendered":"<p>A la Ferme du Grommendyck, nous avons \u00e0 c\u0153ur de vous proposer de bons produits que vous pourrez d\u00e9couvrir de plusieurs mani\u00e8res, \u00e0 travers divers recettes. Ici, nous vous en avons pr\u00e9parer quelques-unes qui, nous en sommes s\u00fbres, seront vous plaire \u00e0 coup s\u00fbr. R\u00f4ti de porc \u00e0 la moutarde [&hellip;]<\/p>\n","protected":false},"author":1,"featured_media":0,"parent":0,"menu_order":0,"comment_status":"closed","ping_status":"closed","template":"","meta":{"_monsterinsights_skip_tracking":false,"_monsterinsights_sitenote_active":false,"_monsterinsights_sitenote_note":"","_monsterinsights_sitenote_category":0,"footnotes":""},"class_list":["post-266","page","type-page","status-publish","hentry"],"aioseo_notices":[],"_links":{"self":[{"href":"https:\/\/ferme-du-grommendyck.fr\/index.php\/wp-json\/wp\/v2\/pages\/266","targetHints":{"allow":["GET"]}}],"collection":[{"href":"https:\/\/ferme-du-grommendyck.fr\/index.php\/wp-json\/wp\/v2\/pages"}],"about":[{"href":"https:\/\/ferme-du-grommendyck.fr\/index.php\/wp-json\/wp\/v2\/types\/page"}],"author":[{"embeddable":true,"href":"https:\/\/ferme-du-grommendyck.fr\/index.php\/wp-json\/wp\/v2\/users\/1"}],"replies":[{"embeddable":true,"href":"https:\/\/ferme-du-grommendyck.fr\/index.php\/wp-json\/wp\/v2\/comments?post=266"}],"version-history":[{"count":13,"href":"https:\/\/ferme-du-grommendyck.fr\/index.php\/wp-json\/wp\/v2\/pages\/266\/revisions"}],"predecessor-version":[{"id":594,"href":"https:\/\/ferme-du-grommendyck.fr\/index.php\/wp-json\/wp\/v2\/pages\/266\/revisions\/594"}],"wp:attachment":[{"href":"https:\/\/ferme-du-grommendyck.fr\/index.php\/wp-json\/wp\/v2\/media?parent=266"}],"curies":[{"name":"wp","href":"https:\/\/api.w.org\/{rel}","templated":true}]}}