{"id":287,"date":"2023-05-28T22:50:05","date_gmt":"2023-05-28T20:50:05","guid":{"rendered":"https:\/\/ferme-du-grommendyck.fr\/?page_id=287"},"modified":"2025-07-18T10:40:06","modified_gmt":"2025-07-18T08:40:06","slug":"recette-roti-de-porc-moutarde-et-miel","status":"publish","type":"page","link":"https:\/\/ferme-du-grommendyck.fr\/index.php\/recette-roti-de-porc-moutarde-et-miel\/","title":{"rendered":"Recette | R\u00f4ti de porc moutarde et miel"},"content":{"rendered":"<div class=\"wp-block-image\">\n<figure class=\"alignleft size-full is-resized\"><img loading=\"lazy\" decoding=\"async\" width=\"2560\" height=\"1696\" src=\"http:\/\/ferme-du-grommendyck.fr\/wp-content\/uploads\/2025\/07\/ROTI-DE-PORC-1-scaled.jpg\" alt=\"\" class=\"wp-image-588\" style=\"width:197px;height:197px\" srcset=\"https:\/\/ferme-du-grommendyck.fr\/wp-content\/uploads\/2025\/07\/ROTI-DE-PORC-1-scaled.jpg 2560w, https:\/\/ferme-du-grommendyck.fr\/wp-content\/uploads\/2025\/07\/ROTI-DE-PORC-1-300x199.jpg 300w, https:\/\/ferme-du-grommendyck.fr\/wp-content\/uploads\/2025\/07\/ROTI-DE-PORC-1-1024x678.jpg 1024w, https:\/\/ferme-du-grommendyck.fr\/wp-content\/uploads\/2025\/07\/ROTI-DE-PORC-1-768x509.jpg 768w, https:\/\/ferme-du-grommendyck.fr\/wp-content\/uploads\/2025\/07\/ROTI-DE-PORC-1-1536x1017.jpg 1536w, https:\/\/ferme-du-grommendyck.fr\/wp-content\/uploads\/2025\/07\/ROTI-DE-PORC-1-2048x1356.jpg 2048w, https:\/\/ferme-du-grommendyck.fr\/wp-content\/uploads\/2025\/07\/ROTI-DE-PORC-1-360x240.jpg 360w\" sizes=\"auto, (max-width: 2560px) 100vw, 2560px\" \/><\/figure>\n<\/div>\n\n\n<p><strong>Pour 6 personnes<\/strong><\/p>\n\n\n\n<p><strong>Pr\u00e9paration&nbsp;: 10 minutes<\/strong><\/p>\n\n\n\n<p><strong>Cuisson&nbsp;: 60 minutes&nbsp;<\/strong><\/p>\n\n\n\n<div style=\"height:30px\" aria-hidden=\"true\" class=\"wp-block-spacer\"><\/div>\n\n\n\n<p>Pour cela, il faut&nbsp;: <\/p>\n\n\n\n<ul class=\"wp-block-list\">\n<li>1 r\u00f4ti de porc (1,2 kg) <\/li>\n\n\n\n<li>1 c. \u00e0 soupe de moutarde <\/li>\n\n\n\n<li>2 oignons coup\u00e9s en rondelles<\/li>\n\n\n\n<li>2c. \u00e0 soupe de miel <\/li>\n\n\n\n<li>\u00bc l de bouillon de volaille<\/li>\n\n\n\n<li>1 gousse d\u2019ail press\u00e9e et d\u00e9germ\u00e9e<\/li>\n\n\n\n<li>sel et poivre<\/li>\n<\/ul>\n\n\n\n<p>M\u00e9langer tous les ingr\u00e9dients ensemble, sauf le r\u00f4ti et les rondelles d&#8217;oignons.<br>Badigeonner le r\u00f4ti de cette sauce et le coucher sur les oignons. Rectifier l&#8217;assaisonnement si besoin.<br>Ajouter le bouillon, couvrir le r\u00f4ti et mettre au four \u00e0 180\u00b0C (thermostat 6) pendant environ 1h30.<br>Pour v\u00e9rifier la cuisson, piquer avec un cure-dent. S&#8217;il p\u00e9n\u00e8tre facilement, le r\u00f4ti est \u00e0 point.<\/p>\n\n\n\n<p><strong>Bon App\u00e9tit&nbsp;!<\/strong><\/p>\n\n\n\n<div style=\"height:30px\" aria-hidden=\"true\" class=\"wp-block-spacer\"><\/div>\n\n\n\n<div class=\"wp-block-buttons is-content-justification-center is-layout-flex wp-container-core-buttons-is-layout-a89b3969 wp-block-buttons-is-layout-flex\">\n<div class=\"wp-block-button has-custom-width wp-block-button__width-75\"><a class=\"wp-block-button__link has-white-color has-accent-background-color has-text-color has-background has-custom-font-size wp-element-button\" href=\"https:\/\/ferme-du-grommendyck.fr\/index.php\/recettes\/\" style=\"border-radius:0px;font-size:16px\">Voir toutes les recettes<\/a><\/div>\n<\/div>\n\n\n\n<div style=\"height:30px\" aria-hidden=\"true\" class=\"wp-block-spacer\"><\/div>\n\n\n\n<p class=\"has-text-align-center has-small-font-size\"><a href=\"https:\/\/ferme-du-grommendyck.fr\/\" title=\"Accueil\">Retour \u00e0 l&#8217;accueil<\/a><\/p>\n","protected":false},"excerpt":{"rendered":"<p>Pour 6 personnes Pr\u00e9paration&nbsp;: 10 minutes Cuisson&nbsp;: 60 minutes&nbsp; Pour cela, il faut&nbsp;: M\u00e9langer tous les ingr\u00e9dients ensemble, sauf le r\u00f4ti et les rondelles d&#8217;oignons.Badigeonner le r\u00f4ti de cette sauce et le coucher sur les oignons. Rectifier l&#8217;assaisonnement si besoin.Ajouter le bouillon, couvrir le r\u00f4ti et mettre au four \u00e0 [&hellip;]<\/p>\n","protected":false},"author":1,"featured_media":0,"parent":0,"menu_order":0,"comment_status":"closed","ping_status":"closed","template":"","meta":{"_monsterinsights_skip_tracking":false,"_monsterinsights_sitenote_active":false,"_monsterinsights_sitenote_note":"","_monsterinsights_sitenote_category":0,"footnotes":""},"class_list":["post-287","page","type-page","status-publish","hentry"],"aioseo_notices":[],"_links":{"self":[{"href":"https:\/\/ferme-du-grommendyck.fr\/index.php\/wp-json\/wp\/v2\/pages\/287","targetHints":{"allow":["GET"]}}],"collection":[{"href":"https:\/\/ferme-du-grommendyck.fr\/index.php\/wp-json\/wp\/v2\/pages"}],"about":[{"href":"https:\/\/ferme-du-grommendyck.fr\/index.php\/wp-json\/wp\/v2\/types\/page"}],"author":[{"embeddable":true,"href":"https:\/\/ferme-du-grommendyck.fr\/index.php\/wp-json\/wp\/v2\/users\/1"}],"replies":[{"embeddable":true,"href":"https:\/\/ferme-du-grommendyck.fr\/index.php\/wp-json\/wp\/v2\/comments?post=287"}],"version-history":[{"count":3,"href":"https:\/\/ferme-du-grommendyck.fr\/index.php\/wp-json\/wp\/v2\/pages\/287\/revisions"}],"predecessor-version":[{"id":590,"href":"https:\/\/ferme-du-grommendyck.fr\/index.php\/wp-json\/wp\/v2\/pages\/287\/revisions\/590"}],"wp:attachment":[{"href":"https:\/\/ferme-du-grommendyck.fr\/index.php\/wp-json\/wp\/v2\/media?parent=287"}],"curies":[{"name":"wp","href":"https:\/\/api.w.org\/{rel}","templated":true}]}}