{"id":613,"date":"2025-07-18T12:45:02","date_gmt":"2025-07-18T10:45:02","guid":{"rendered":"https:\/\/ferme-du-grommendyck.fr\/?page_id=613"},"modified":"2025-07-18T15:40:31","modified_gmt":"2025-07-18T13:40:31","slug":"selection-barbecue","status":"publish","type":"page","link":"https:\/\/ferme-du-grommendyck.fr\/index.php\/selection-barbecue\/","title":{"rendered":"S\u00e9lection Barbecue"},"content":{"rendered":"\n<p>D\u00e9couvrez un large choix de produits pour vous r\u00e9galer lors d&#8217;un barbecue en famille ou entre amis.<\/p>\n\n\n\n<p>N&#8217;h\u00e9sitez pas \u00e0 profiter de notre colis sp\u00e9ciale barbecue ou de notre colis saucisses.<\/p>\n\n\n\n<div class=\"wp-block-columns is-layout-flex wp-container-core-columns-is-layout-28f84493 wp-block-columns-is-layout-flex\">\n<div class=\"wp-block-column is-layout-flow wp-block-column-is-layout-flow\" style=\"flex-basis:100%\">\n<div class=\"wp-block-group\"><div class=\"wp-block-group__inner-container is-layout-constrained wp-block-group-is-layout-constrained\">\n<div class=\"wp-block-columns is-layout-flex wp-container-core-columns-is-layout-28f84493 wp-block-columns-is-layout-flex\">\n<div class=\"wp-block-column is-layout-flow wp-block-column-is-layout-flow\">\n<p style=\"font-size:24px\"><sub><sup><strong>Saucisses natures<\/strong><\/sup><\/sub><\/p>\n\n\n\n<figure class=\"wp-block-gallery has-nested-images columns-default is-cropped wp-block-gallery-1 is-layout-flex wp-block-gallery-is-layout-flex\">\n<figure class=\"wp-block-image size-large\"><img loading=\"lazy\" decoding=\"async\" width=\"1024\" height=\"678\" data-id=\"603\" src=\"https:\/\/ferme-du-grommendyck.fr\/wp-content\/uploads\/2025\/07\/SAUCISSE-FINE-1-1024x678.jpg\" alt=\"\" class=\"wp-image-603\" srcset=\"https:\/\/ferme-du-grommendyck.fr\/wp-content\/uploads\/2025\/07\/SAUCISSE-FINE-1-1024x678.jpg 1024w, https:\/\/ferme-du-grommendyck.fr\/wp-content\/uploads\/2025\/07\/SAUCISSE-FINE-1-300x199.jpg 300w, https:\/\/ferme-du-grommendyck.fr\/wp-content\/uploads\/2025\/07\/SAUCISSE-FINE-1-768x509.jpg 768w, https:\/\/ferme-du-grommendyck.fr\/wp-content\/uploads\/2025\/07\/SAUCISSE-FINE-1-1536x1017.jpg 1536w, https:\/\/ferme-du-grommendyck.fr\/wp-content\/uploads\/2025\/07\/SAUCISSE-FINE-1-2048x1356.jpg 2048w\" sizes=\"auto, (max-width: 1024px) 100vw, 1024px\" \/><\/figure>\n<\/figure>\n<\/div>\n\n\n\n<div class=\"wp-block-column is-layout-flow wp-block-column-is-layout-flow\">\n<p style=\"font-size:24px\"><strong><sup><sub>Saucisses Proven\u00e7ale<\/sub><\/sup><\/strong><\/p>\n\n\n\n<figure class=\"wp-block-image size-large\"><img loading=\"lazy\" decoding=\"async\" width=\"1024\" height=\"678\" src=\"http:\/\/ferme-du-grommendyck.fr\/wp-content\/uploads\/2025\/07\/SAUCISSES-PROVENCALE-1-1024x678.jpg\" alt=\"\" class=\"wp-image-611\" srcset=\"https:\/\/ferme-du-grommendyck.fr\/wp-content\/uploads\/2025\/07\/SAUCISSES-PROVENCALE-1-1024x678.jpg 1024w, https:\/\/ferme-du-grommendyck.fr\/wp-content\/uploads\/2025\/07\/SAUCISSES-PROVENCALE-1-300x199.jpg 300w, https:\/\/ferme-du-grommendyck.fr\/wp-content\/uploads\/2025\/07\/SAUCISSES-PROVENCALE-1-768x509.jpg 768w, https:\/\/ferme-du-grommendyck.fr\/wp-content\/uploads\/2025\/07\/SAUCISSES-PROVENCALE-1-1536x1017.jpg 1536w, https:\/\/ferme-du-grommendyck.fr\/wp-content\/uploads\/2025\/07\/SAUCISSES-PROVENCALE-1-2048x1356.jpg 2048w\" sizes=\"auto, (max-width: 1024px) 100vw, 1024px\" \/><\/figure>\n<\/div>\n\n\n\n<div class=\"wp-block-column is-layout-flow wp-block-column-is-layout-flow\">\n<p style=\"font-size:24px\"><strong><sub><sup>Saucisses \u00e0 l&#8217;\u00e9chalote<\/sup><\/sub><\/strong><\/p>\n\n\n\n<figure class=\"wp-block-gallery has-nested-images columns-default is-cropped wp-block-gallery-2 is-layout-flex wp-block-gallery-is-layout-flex\">\n<figure class=\"wp-block-image size-large\"><img loading=\"lazy\" decoding=\"async\" width=\"1024\" height=\"678\" data-id=\"606\" src=\"https:\/\/ferme-du-grommendyck.fr\/wp-content\/uploads\/2025\/07\/SAUCISSES-A-LECHALOTTE-1-1024x678.jpg\" alt=\"\" class=\"wp-image-606\" srcset=\"https:\/\/ferme-du-grommendyck.fr\/wp-content\/uploads\/2025\/07\/SAUCISSES-A-LECHALOTTE-1-1024x678.jpg 1024w, https:\/\/ferme-du-grommendyck.fr\/wp-content\/uploads\/2025\/07\/SAUCISSES-A-LECHALOTTE-1-300x199.jpg 300w, https:\/\/ferme-du-grommendyck.fr\/wp-content\/uploads\/2025\/07\/SAUCISSES-A-LECHALOTTE-1-768x509.jpg 768w, https:\/\/ferme-du-grommendyck.fr\/wp-content\/uploads\/2025\/07\/SAUCISSES-A-LECHALOTTE-1-1536x1017.jpg 1536w, https:\/\/ferme-du-grommendyck.fr\/wp-content\/uploads\/2025\/07\/SAUCISSES-A-LECHALOTTE-1-2048x1356.jpg 2048w\" sizes=\"auto, (max-width: 1024px) 100vw, 1024px\" \/><\/figure>\n<\/figure>\n<\/div>\n<\/div>\n<\/div><\/div>\n<\/div>\n<\/div>\n\n\n\n<div class=\"wp-block-columns are-vertically-aligned-top is-layout-flex wp-container-core-columns-is-layout-28f84493 wp-block-columns-is-layout-flex\">\n<div class=\"wp-block-column is-vertically-aligned-top is-layout-flow wp-block-column-is-layout-flow\">\n<p style=\"font-size:24px\"><strong><sub><sup>Saucisses au Curry<\/sup><\/sub><\/strong><\/p>\n\n\n\n<figure class=\"wp-block-image size-large\"><img loading=\"lazy\" decoding=\"async\" width=\"1024\" height=\"678\" src=\"http:\/\/ferme-du-grommendyck.fr\/wp-content\/uploads\/2025\/07\/SAUCISSES-AUX-CURRY-2-1024x678.jpg\" alt=\"\" class=\"wp-image-608\" srcset=\"https:\/\/ferme-du-grommendyck.fr\/wp-content\/uploads\/2025\/07\/SAUCISSES-AUX-CURRY-2-1024x678.jpg 1024w, https:\/\/ferme-du-grommendyck.fr\/wp-content\/uploads\/2025\/07\/SAUCISSES-AUX-CURRY-2-300x199.jpg 300w, https:\/\/ferme-du-grommendyck.fr\/wp-content\/uploads\/2025\/07\/SAUCISSES-AUX-CURRY-2-768x509.jpg 768w, https:\/\/ferme-du-grommendyck.fr\/wp-content\/uploads\/2025\/07\/SAUCISSES-AUX-CURRY-2-1536x1017.jpg 1536w, https:\/\/ferme-du-grommendyck.fr\/wp-content\/uploads\/2025\/07\/SAUCISSES-AUX-CURRY-2-2048x1356.jpg 2048w\" sizes=\"auto, (max-width: 1024px) 100vw, 1024px\" \/><\/figure>\n<\/div>\n\n\n\n<div class=\"wp-block-column is-vertically-aligned-top is-layout-flow wp-block-column-is-layout-flow\">\n<p style=\"font-size:24px\"><sub><sup><strong>Saucisses aux Herbes de Provence<\/strong><\/sup><\/sub><\/p>\n\n\n\n<figure class=\"wp-block-image size-large\"><img loading=\"lazy\" decoding=\"async\" width=\"1024\" height=\"678\" src=\"http:\/\/ferme-du-grommendyck.fr\/wp-content\/uploads\/2025\/07\/SAUCISSES-AUX-HERBES-1-1024x678.jpg\" alt=\"\" class=\"wp-image-609\" srcset=\"https:\/\/ferme-du-grommendyck.fr\/wp-content\/uploads\/2025\/07\/SAUCISSES-AUX-HERBES-1-1024x678.jpg 1024w, https:\/\/ferme-du-grommendyck.fr\/wp-content\/uploads\/2025\/07\/SAUCISSES-AUX-HERBES-1-300x199.jpg 300w, https:\/\/ferme-du-grommendyck.fr\/wp-content\/uploads\/2025\/07\/SAUCISSES-AUX-HERBES-1-768x509.jpg 768w, https:\/\/ferme-du-grommendyck.fr\/wp-content\/uploads\/2025\/07\/SAUCISSES-AUX-HERBES-1-1536x1017.jpg 1536w, https:\/\/ferme-du-grommendyck.fr\/wp-content\/uploads\/2025\/07\/SAUCISSES-AUX-HERBES-1-2048x1356.jpg 2048w\" sizes=\"auto, (max-width: 1024px) 100vw, 1024px\" \/><\/figure>\n<\/div>\n\n\n\n<div class=\"wp-block-column is-layout-flow wp-block-column-is-layout-flow\">\n<p style=\"font-size:24px\"><sub><sup><strong>Saucisses piment\u00e9e fa\u00e7on merguez<\/strong><\/sup><\/sub><\/p>\n\n\n\n<figure class=\"wp-block-gallery has-nested-images columns-default is-cropped wp-block-gallery-3 is-layout-flex wp-block-gallery-is-layout-flex\">\n<figure class=\"wp-block-image size-large\"><img loading=\"lazy\" decoding=\"async\" width=\"1024\" height=\"678\" data-id=\"610\" src=\"https:\/\/ferme-du-grommendyck.fr\/wp-content\/uploads\/2025\/07\/SAUCISSES-PIMENTEE-FACON-MERGUEZ-2-1024x678.jpg\" alt=\"\" class=\"wp-image-610\" srcset=\"https:\/\/ferme-du-grommendyck.fr\/wp-content\/uploads\/2025\/07\/SAUCISSES-PIMENTEE-FACON-MERGUEZ-2-1024x678.jpg 1024w, https:\/\/ferme-du-grommendyck.fr\/wp-content\/uploads\/2025\/07\/SAUCISSES-PIMENTEE-FACON-MERGUEZ-2-300x199.jpg 300w, https:\/\/ferme-du-grommendyck.fr\/wp-content\/uploads\/2025\/07\/SAUCISSES-PIMENTEE-FACON-MERGUEZ-2-768x509.jpg 768w, https:\/\/ferme-du-grommendyck.fr\/wp-content\/uploads\/2025\/07\/SAUCISSES-PIMENTEE-FACON-MERGUEZ-2-1536x1017.jpg 1536w, https:\/\/ferme-du-grommendyck.fr\/wp-content\/uploads\/2025\/07\/SAUCISSES-PIMENTEE-FACON-MERGUEZ-2-2048x1356.jpg 2048w\" sizes=\"auto, (max-width: 1024px) 100vw, 1024px\" \/><\/figure>\n<\/figure>\n<\/div>\n<\/div>\n\n\n\n<div class=\"wp-block-columns is-layout-flex wp-container-core-columns-is-layout-28f84493 wp-block-columns-is-layout-flex\">\n<div class=\"wp-block-column is-layout-flow wp-block-column-is-layout-flow\">\n<p style=\"font-size:24px\"><strong><sub><sup>Brochette<\/sup><\/sub><\/strong><\/p>\n\n\n\n<figure class=\"wp-block-gallery has-nested-images columns-default is-cropped wp-block-gallery-4 is-layout-flex wp-block-gallery-is-layout-flex\">\n<figure class=\"wp-block-image size-large\"><img loading=\"lazy\" decoding=\"async\" width=\"1024\" height=\"678\" data-id=\"615\" src=\"https:\/\/ferme-du-grommendyck.fr\/wp-content\/uploads\/2025\/07\/BROCHETTE-3-1024x678.jpg\" alt=\"\" class=\"wp-image-615\" srcset=\"https:\/\/ferme-du-grommendyck.fr\/wp-content\/uploads\/2025\/07\/BROCHETTE-3-1024x678.jpg 1024w, https:\/\/ferme-du-grommendyck.fr\/wp-content\/uploads\/2025\/07\/BROCHETTE-3-300x199.jpg 300w, https:\/\/ferme-du-grommendyck.fr\/wp-content\/uploads\/2025\/07\/BROCHETTE-3-768x509.jpg 768w, https:\/\/ferme-du-grommendyck.fr\/wp-content\/uploads\/2025\/07\/BROCHETTE-3-1536x1017.jpg 1536w, https:\/\/ferme-du-grommendyck.fr\/wp-content\/uploads\/2025\/07\/BROCHETTE-3-2048x1356.jpg 2048w\" sizes=\"auto, (max-width: 1024px) 100vw, 1024px\" \/><\/figure>\n<\/figure>\n<\/div>\n\n\n\n<div class=\"wp-block-column is-layout-flow wp-block-column-is-layout-flow\">\n<p style=\"font-size:24px\"><strong><sub><sup>Lard marin\u00e9<\/sup><\/sub><\/strong><\/p>\n\n\n\n<figure class=\"wp-block-image size-large\"><img loading=\"lazy\" decoding=\"async\" width=\"1024\" height=\"678\" src=\"http:\/\/ferme-du-grommendyck.fr\/wp-content\/uploads\/2025\/07\/LARD-MARINE-1-1024x678.jpg\" alt=\"\" class=\"wp-image-627\" srcset=\"https:\/\/ferme-du-grommendyck.fr\/wp-content\/uploads\/2025\/07\/LARD-MARINE-1-1024x678.jpg 1024w, https:\/\/ferme-du-grommendyck.fr\/wp-content\/uploads\/2025\/07\/LARD-MARINE-1-300x199.jpg 300w, https:\/\/ferme-du-grommendyck.fr\/wp-content\/uploads\/2025\/07\/LARD-MARINE-1-768x509.jpg 768w, https:\/\/ferme-du-grommendyck.fr\/wp-content\/uploads\/2025\/07\/LARD-MARINE-1-1536x1017.jpg 1536w, https:\/\/ferme-du-grommendyck.fr\/wp-content\/uploads\/2025\/07\/LARD-MARINE-1-2048x1356.jpg 2048w\" sizes=\"auto, (max-width: 1024px) 100vw, 1024px\" \/><\/figure>\n<\/div>\n\n\n\n<div class=\"wp-block-column is-layout-flow wp-block-column-is-layout-flow\">\n<p style=\"font-size:24px\"><strong><sub><sup>Travers marin\u00e9<\/sup><\/sub><\/strong><\/p>\n\n\n\n<figure class=\"wp-block-gallery has-nested-images columns-default is-cropped wp-block-gallery-5 is-layout-flex wp-block-gallery-is-layout-flex\">\n<figure class=\"wp-block-image size-large\"><img loading=\"lazy\" decoding=\"async\" width=\"1024\" height=\"678\" data-id=\"631\" src=\"https:\/\/ferme-du-grommendyck.fr\/wp-content\/uploads\/2025\/07\/TRAVERS-MARINEE-1024x678.jpg\" alt=\"\" class=\"wp-image-631\" srcset=\"https:\/\/ferme-du-grommendyck.fr\/wp-content\/uploads\/2025\/07\/TRAVERS-MARINEE-1024x678.jpg 1024w, https:\/\/ferme-du-grommendyck.fr\/wp-content\/uploads\/2025\/07\/TRAVERS-MARINEE-300x199.jpg 300w, https:\/\/ferme-du-grommendyck.fr\/wp-content\/uploads\/2025\/07\/TRAVERS-MARINEE-768x509.jpg 768w, https:\/\/ferme-du-grommendyck.fr\/wp-content\/uploads\/2025\/07\/TRAVERS-MARINEE-1536x1017.jpg 1536w, https:\/\/ferme-du-grommendyck.fr\/wp-content\/uploads\/2025\/07\/TRAVERS-MARINEE-2048x1356.jpg 2048w\" sizes=\"auto, (max-width: 1024px) 100vw, 1024px\" \/><\/figure>\n<\/figure>\n<\/div>\n<\/div>\n\n\n\n<div class=\"wp-block-columns is-layout-flex wp-container-core-columns-is-layout-28f84493 wp-block-columns-is-layout-flex\">\n<div class=\"wp-block-column is-layout-flow wp-block-column-is-layout-flow\">\n<p style=\"font-size:24px\"><sub><sup><strong>Lard marin\u00e9 au Curry<\/strong><\/sup><\/sub><\/p>\n\n\n\n<figure class=\"wp-block-gallery has-nested-images columns-default is-cropped wp-block-gallery-6 is-layout-flex wp-block-gallery-is-layout-flex\">\n<figure class=\"wp-block-image size-large\"><img loading=\"lazy\" decoding=\"async\" width=\"1024\" height=\"678\" data-id=\"626\" src=\"https:\/\/ferme-du-grommendyck.fr\/wp-content\/uploads\/2025\/07\/LARD-CURRY-1024x678.jpg\" alt=\"\" class=\"wp-image-626\" srcset=\"https:\/\/ferme-du-grommendyck.fr\/wp-content\/uploads\/2025\/07\/LARD-CURRY-1024x678.jpg 1024w, https:\/\/ferme-du-grommendyck.fr\/wp-content\/uploads\/2025\/07\/LARD-CURRY-300x199.jpg 300w, https:\/\/ferme-du-grommendyck.fr\/wp-content\/uploads\/2025\/07\/LARD-CURRY-768x509.jpg 768w, https:\/\/ferme-du-grommendyck.fr\/wp-content\/uploads\/2025\/07\/LARD-CURRY-1536x1017.jpg 1536w, https:\/\/ferme-du-grommendyck.fr\/wp-content\/uploads\/2025\/07\/LARD-CURRY-2048x1356.jpg 2048w\" sizes=\"auto, (max-width: 1024px) 100vw, 1024px\" \/><\/figure>\n<\/figure>\n<\/div>\n\n\n\n<div class=\"wp-block-column is-layout-flow wp-block-column-is-layout-flow\">\n<p style=\"font-size:24px\"><sub><sup><strong>Lard marin\u00e9 Ail des Ours<\/strong><\/sup><\/sub><\/p>\n\n\n\n<figure class=\"wp-block-gallery has-nested-images columns-default is-cropped wp-block-gallery-7 is-layout-flex wp-block-gallery-is-layout-flex\">\n<figure class=\"wp-block-image size-large\"><img loading=\"lazy\" decoding=\"async\" width=\"1024\" height=\"678\" data-id=\"625\" src=\"https:\/\/ferme-du-grommendyck.fr\/wp-content\/uploads\/2025\/07\/LARD-AIL-DES-OURS-1024x678.jpg\" alt=\"\" class=\"wp-image-625\" srcset=\"https:\/\/ferme-du-grommendyck.fr\/wp-content\/uploads\/2025\/07\/LARD-AIL-DES-OURS-1024x678.jpg 1024w, https:\/\/ferme-du-grommendyck.fr\/wp-content\/uploads\/2025\/07\/LARD-AIL-DES-OURS-300x199.jpg 300w, https:\/\/ferme-du-grommendyck.fr\/wp-content\/uploads\/2025\/07\/LARD-AIL-DES-OURS-768x509.jpg 768w, https:\/\/ferme-du-grommendyck.fr\/wp-content\/uploads\/2025\/07\/LARD-AIL-DES-OURS-1536x1017.jpg 1536w, https:\/\/ferme-du-grommendyck.fr\/wp-content\/uploads\/2025\/07\/LARD-AIL-DES-OURS-2048x1356.jpg 2048w\" sizes=\"auto, (max-width: 1024px) 100vw, 1024px\" \/><\/figure>\n<\/figure>\n<\/div>\n\n\n\n<div class=\"wp-block-column is-layout-flow wp-block-column-is-layout-flow\">\n<p style=\"font-size:24px\"><strong><sub><sup>Escalope marin\u00e9e<\/sup><\/sub><\/strong><\/p>\n\n\n\n<figure class=\"wp-block-gallery has-nested-images columns-default is-cropped wp-block-gallery-8 is-layout-flex wp-block-gallery-is-layout-flex\">\n<figure class=\"wp-block-image size-large\"><img loading=\"lazy\" decoding=\"async\" width=\"1024\" height=\"678\" data-id=\"622\" src=\"https:\/\/ferme-du-grommendyck.fr\/wp-content\/uploads\/2025\/07\/ESCALOPE-MARINEE-2-1024x678.jpg\" alt=\"\" class=\"wp-image-622\" srcset=\"https:\/\/ferme-du-grommendyck.fr\/wp-content\/uploads\/2025\/07\/ESCALOPE-MARINEE-2-1024x678.jpg 1024w, https:\/\/ferme-du-grommendyck.fr\/wp-content\/uploads\/2025\/07\/ESCALOPE-MARINEE-2-300x199.jpg 300w, https:\/\/ferme-du-grommendyck.fr\/wp-content\/uploads\/2025\/07\/ESCALOPE-MARINEE-2-768x509.jpg 768w, https:\/\/ferme-du-grommendyck.fr\/wp-content\/uploads\/2025\/07\/ESCALOPE-MARINEE-2-1536x1017.jpg 1536w, https:\/\/ferme-du-grommendyck.fr\/wp-content\/uploads\/2025\/07\/ESCALOPE-MARINEE-2-2048x1356.jpg 2048w\" sizes=\"auto, (max-width: 1024px) 100vw, 1024px\" \/><\/figure>\n<\/figure>\n<\/div>\n<\/div>\n\n\n\n<div class=\"wp-block-columns is-layout-flex wp-container-core-columns-is-layout-28f84493 wp-block-columns-is-layout-flex\">\n<div class=\"wp-block-column is-layout-flow wp-block-column-is-layout-flow\">\n<p class=\"has-large-font-size\"><strong><sub><sup>M\u00e9daillon marin\u00e9 Ail des Ours<\/sup><\/sub><\/strong><\/p>\n\n\n\n<figure class=\"wp-block-gallery has-nested-images columns-default is-cropped wp-block-gallery-9 is-layout-flex wp-block-gallery-is-layout-flex\">\n<figure class=\"wp-block-image size-large\"><img loading=\"lazy\" decoding=\"async\" width=\"1024\" height=\"678\" data-id=\"628\" src=\"https:\/\/ferme-du-grommendyck.fr\/wp-content\/uploads\/2025\/07\/MEDAILLON-AIL-DES-OURS-1-1024x678.jpg\" alt=\"\" class=\"wp-image-628\" srcset=\"https:\/\/ferme-du-grommendyck.fr\/wp-content\/uploads\/2025\/07\/MEDAILLON-AIL-DES-OURS-1-1024x678.jpg 1024w, https:\/\/ferme-du-grommendyck.fr\/wp-content\/uploads\/2025\/07\/MEDAILLON-AIL-DES-OURS-1-300x199.jpg 300w, https:\/\/ferme-du-grommendyck.fr\/wp-content\/uploads\/2025\/07\/MEDAILLON-AIL-DES-OURS-1-768x509.jpg 768w, https:\/\/ferme-du-grommendyck.fr\/wp-content\/uploads\/2025\/07\/MEDAILLON-AIL-DES-OURS-1-1536x1017.jpg 1536w, https:\/\/ferme-du-grommendyck.fr\/wp-content\/uploads\/2025\/07\/MEDAILLON-AIL-DES-OURS-1-2048x1356.jpg 2048w\" sizes=\"auto, (max-width: 1024px) 100vw, 1024px\" \/><\/figure>\n<\/figure>\n<\/div>\n\n\n\n<div class=\"wp-block-column is-layout-flow wp-block-column-is-layout-flow\">\n<p class=\"has-large-font-size\"><sub><sup><strong>M\u00e9daillon marin\u00e9 au Curry<\/strong><\/sup><\/sub><\/p>\n\n\n\n<figure class=\"wp-block-image size-large\"><img loading=\"lazy\" decoding=\"async\" width=\"1024\" height=\"678\" src=\"http:\/\/ferme-du-grommendyck.fr\/wp-content\/uploads\/2025\/07\/MEDAILLON-CURRY-2-1024x678.jpg\" alt=\"\" class=\"wp-image-629\" srcset=\"https:\/\/ferme-du-grommendyck.fr\/wp-content\/uploads\/2025\/07\/MEDAILLON-CURRY-2-1024x678.jpg 1024w, https:\/\/ferme-du-grommendyck.fr\/wp-content\/uploads\/2025\/07\/MEDAILLON-CURRY-2-300x199.jpg 300w, https:\/\/ferme-du-grommendyck.fr\/wp-content\/uploads\/2025\/07\/MEDAILLON-CURRY-2-768x509.jpg 768w, https:\/\/ferme-du-grommendyck.fr\/wp-content\/uploads\/2025\/07\/MEDAILLON-CURRY-2-1536x1017.jpg 1536w, https:\/\/ferme-du-grommendyck.fr\/wp-content\/uploads\/2025\/07\/MEDAILLON-CURRY-2-2048x1356.jpg 2048w\" sizes=\"auto, (max-width: 1024px) 100vw, 1024px\" \/><\/figure>\n<\/div>\n<\/div>\n\n\n\n<div class=\"wp-block-columns is-layout-flex wp-container-core-columns-is-layout-28f84493 wp-block-columns-is-layout-flex\">\n<div class=\"wp-block-column is-layout-flow wp-block-column-is-layout-flow\">\n<p class=\"has-large-font-size\"><strong><sub><sup>M\u00e9daillon marin\u00e9<\/sup><\/sub><\/strong><\/p>\n\n\n\n<figure class=\"wp-block-image size-large\"><img loading=\"lazy\" decoding=\"async\" width=\"1024\" height=\"678\" src=\"http:\/\/ferme-du-grommendyck.fr\/wp-content\/uploads\/2025\/07\/MEDAILLON-MARINE-1024x678.jpg\" alt=\"\" class=\"wp-image-630\" srcset=\"https:\/\/ferme-du-grommendyck.fr\/wp-content\/uploads\/2025\/07\/MEDAILLON-MARINE-1024x678.jpg 1024w, https:\/\/ferme-du-grommendyck.fr\/wp-content\/uploads\/2025\/07\/MEDAILLON-MARINE-300x199.jpg 300w, https:\/\/ferme-du-grommendyck.fr\/wp-content\/uploads\/2025\/07\/MEDAILLON-MARINE-768x509.jpg 768w, https:\/\/ferme-du-grommendyck.fr\/wp-content\/uploads\/2025\/07\/MEDAILLON-MARINE-1536x1017.jpg 1536w, https:\/\/ferme-du-grommendyck.fr\/wp-content\/uploads\/2025\/07\/MEDAILLON-MARINE-2048x1356.jpg 2048w\" sizes=\"auto, (max-width: 1024px) 100vw, 1024px\" \/><\/figure>\n<\/div>\n\n\n\n<div class=\"wp-block-column is-layout-flow wp-block-column-is-layout-flow\">\n<p class=\"has-large-font-size\"><strong><sub><sup>C\u00f4te marin\u00e9e Ail des Ours<\/sup><\/sub><\/strong><\/p>\n\n\n\n<figure class=\"wp-block-gallery has-nested-images columns-default is-cropped wp-block-gallery-10 is-layout-flex wp-block-gallery-is-layout-flex\">\n<figure class=\"wp-block-image size-large\"><img loading=\"lazy\" decoding=\"async\" width=\"1024\" height=\"671\" data-id=\"618\" src=\"https:\/\/ferme-du-grommendyck.fr\/wp-content\/uploads\/2025\/07\/COTE-AIL-DES-OURS-1-1024x671.jpg\" alt=\"\" class=\"wp-image-618\" srcset=\"https:\/\/ferme-du-grommendyck.fr\/wp-content\/uploads\/2025\/07\/COTE-AIL-DES-OURS-1-1024x671.jpg 1024w, https:\/\/ferme-du-grommendyck.fr\/wp-content\/uploads\/2025\/07\/COTE-AIL-DES-OURS-1-300x197.jpg 300w, https:\/\/ferme-du-grommendyck.fr\/wp-content\/uploads\/2025\/07\/COTE-AIL-DES-OURS-1-768x503.jpg 768w, https:\/\/ferme-du-grommendyck.fr\/wp-content\/uploads\/2025\/07\/COTE-AIL-DES-OURS-1-1536x1007.jpg 1536w, https:\/\/ferme-du-grommendyck.fr\/wp-content\/uploads\/2025\/07\/COTE-AIL-DES-OURS-1-2048x1342.jpg 2048w\" sizes=\"auto, (max-width: 1024px) 100vw, 1024px\" \/><\/figure>\n<\/figure>\n<\/div>\n<\/div>\n\n\n\n<div class=\"wp-block-columns is-layout-flex wp-container-core-columns-is-layout-28f84493 wp-block-columns-is-layout-flex\">\n<div class=\"wp-block-column is-layout-flow wp-block-column-is-layout-flow\">\n<p><\/p>\n<\/div>\n<\/div>\n\n\n\n<div class=\"wp-block-buttons is-content-justification-center is-layout-flex wp-container-core-buttons-is-layout-a89b3969 wp-block-buttons-is-layout-flex\">\n<div class=\"wp-block-button is-style-outline is-style-outline--11\"><a class=\"wp-block-button__link has-white-color has-accent-background-color has-text-color has-background has-link-color has-medium-font-size has-custom-font-size wp-element-button\" href=\"https:\/\/ferme-du-grommendyck.fr\/index.php\/nos-produits\/\" style=\"border-width:1px;border-radius:0px;padding-top:var(--wp--preset--spacing--20);padding-right:var(--wp--preset--spacing--80);padding-bottom:var(--wp--preset--spacing--20);padding-left:var(--wp--preset--spacing--80)\">Voir tous nos produits<\/a><\/div>\n<\/div>\n\n\n\n<p><\/p>\n","protected":false},"excerpt":{"rendered":"<p>D\u00e9couvrez un large choix de produits pour vous r\u00e9galer lors d&#8217;un barbecue en famille ou entre amis. N&#8217;h\u00e9sitez pas \u00e0 profiter de notre colis sp\u00e9ciale barbecue ou de notre colis saucisses. Saucisses natures Saucisses Proven\u00e7ale Saucisses \u00e0 l&#8217;\u00e9chalote Saucisses au Curry Saucisses aux Herbes de Provence Saucisses piment\u00e9e fa\u00e7on merguez [&hellip;]<\/p>\n","protected":false},"author":1,"featured_media":0,"parent":0,"menu_order":0,"comment_status":"closed","ping_status":"closed","template":"","meta":{"_monsterinsights_skip_tracking":false,"_monsterinsights_sitenote_active":false,"_monsterinsights_sitenote_note":"","_monsterinsights_sitenote_category":0,"footnotes":""},"class_list":["post-613","page","type-page","status-publish","hentry"],"aioseo_notices":[],"_links":{"self":[{"href":"https:\/\/ferme-du-grommendyck.fr\/index.php\/wp-json\/wp\/v2\/pages\/613","targetHints":{"allow":["GET"]}}],"collection":[{"href":"https:\/\/ferme-du-grommendyck.fr\/index.php\/wp-json\/wp\/v2\/pages"}],"about":[{"href":"https:\/\/ferme-du-grommendyck.fr\/index.php\/wp-json\/wp\/v2\/types\/page"}],"author":[{"embeddable":true,"href":"https:\/\/ferme-du-grommendyck.fr\/index.php\/wp-json\/wp\/v2\/users\/1"}],"replies":[{"embeddable":true,"href":"https:\/\/ferme-du-grommendyck.fr\/index.php\/wp-json\/wp\/v2\/comments?post=613"}],"version-history":[{"count":4,"href":"https:\/\/ferme-du-grommendyck.fr\/index.php\/wp-json\/wp\/v2\/pages\/613\/revisions"}],"predecessor-version":[{"id":672,"href":"https:\/\/ferme-du-grommendyck.fr\/index.php\/wp-json\/wp\/v2\/pages\/613\/revisions\/672"}],"wp:attachment":[{"href":"https:\/\/ferme-du-grommendyck.fr\/index.php\/wp-json\/wp\/v2\/media?parent=613"}],"curies":[{"name":"wp","href":"https:\/\/api.w.org\/{rel}","templated":true}]}}